{"id":52,"date":"2017-10-13T00:57:17","date_gmt":"2017-10-13T00:57:17","guid":{"rendered":"http:\/\/sindenfermeiro.com.br\/site-novo\/?page_id=52"},"modified":"2017-10-13T00:57:17","modified_gmt":"2017-10-13T00:57:17","slug":"historia","status":"publish","type":"page","link":"https:\/\/sindenfermeiro.com.br\/index.php\/historia\/","title":{"rendered":"HIST\u00d3RIA"},"content":{"rendered":"<div id=\"pl-52\" class=\"panel-layout\">\n<div id=\"pg-52-0\" class=\"panel-grid panel-has-style\" data-style=\"{&quot;padding&quot;:&quot;50px 0px&quot;,&quot;background_display&quot;:&quot;tile&quot;,&quot;row_stretch&quot;:&quot;full&quot;,&quot;cell_alignment&quot;:&quot;flex-start&quot;}\">\n<div class=\"siteorigin-panels-stretch panel-row-style panel-row-style-for-52-0\" data-stretch-type=\"full\">\n<div id=\"pgc-52-0-0\" class=\"panel-grid-cell\" data-weight=\"1\">\n<div id=\"panel-52-0-0-0\" class=\"so-panel widget widget_sow-editor panel-first-child panel-last-child\" data-index=\"0\" data-style=\"{&quot;padding&quot;:&quot;0px 100px 0px 100px&quot;,&quot;background&quot;:&quot;#ffffff&quot;,&quot;background_image_attachment&quot;:false,&quot;background_display&quot;:&quot;tile&quot;}\">\n<div class=\"panel-widget-style panel-widget-style-for-52-0-0-0\">\n<div class=\"so-widget-sow-editor so-widget-sow-editor-base\">\n<div class=\"siteorigin-widget-tinymce textwidget\">\n<h3 class=\"text-center title-news\">HIST\u00d3RIA<\/h3>\n<div>\t\t\t<section id=\"cd-timeline\" class=\"cd-container timeline-express\">\n\n\t\t\t\n<div class=\"cd-timeline-block janeiro 01 1979 announcement-no-image announcement-29978\">\n\n\t\n\t\t<a class=\"cd-timeline-icon-link\" href=\"https:\/\/sindenfermeiro.com.br\/index.php\/announcement\/1979-associacao-profissional-dos-enfermeiros-do-distrito-federal\/\">\n\n\t\t\t\n\t\t<div class=\"cd-timeline-img cd-picture\" style=\"background:#75CE66;\">\n\n\t\t\t<!-- Custom Action Hook -->\n\t\t\t\n\t\t\t\t<!-- Standard Font Awesome Icon -->\n\t\t\t\t<span class=\"fa fa-check\" title=\"Associa\u00e7\u00e3o Profissional dos Enfermeiros do Distrito Federal\"><\/span>\n\n\t\t\t\n\t\t<\/div> <!-- cd-timeline-img -->\n\n\t\n\t\t<\/a>\n\n\t\t\n\t<!-- Timeline Content -->\n\t<div class=\"cd-timeline-content\">\n\n\t\t\n\t\t<!-- Announcement Title -->\n\t\t<div class=\"cd-timeline-title-container\">\n\n\t\t\t\n\t\t\t<h2 class=\"cd-timeline-item-title\">\n\t\t\t\tAssocia\u00e7\u00e3o Profissional dos Enfermeiros do Distrito Federal\t\t\t<\/h2>\n\n\t\t\t\t\t\t\t<p class=\"timeline-date\">\n\t\t\t\t\t01\/01\/1979\t\t\t\t<\/p>\n\t\t\t\t\t\t<\/div>\n\t\t<!-- End Announcement Title -->\n\n\t\t\n\t\t<!-- Announcement Excerpt -->\n\t\t<div class=\"the-excerpt\">\n\t\t\t<p>Cria\u00e7\u00e3o da Associa\u00e7\u00e3o Profissional dos Enfermeiros do Distrito Federal.<\/p>\n<a class=\"timeline-express-read-more-link\" href=\"https:\/\/sindenfermeiro.com.br\/index.php\/announcement\/1979-associacao-profissional-dos-enfermeiros-do-distrito-federal\/\"> Read more<\/a>\t\t<\/div>\n\t\t<!-- End Announcement Excerpt -->\n\n\t\t\n\t<\/div>\n\t<!-- End Timeline Content -->\n\n<\/div>\n<!-- End Timeline Block -->\n\n<div class=\"cd-timeline-block janeiro 01 1981 announcement-no-image announcement-29984\">\n\n\t\n\t\t<a class=\"cd-timeline-icon-link\" href=\"https:\/\/sindenfermeiro.com.br\/index.php\/announcement\/1981-fundacao\/\">\n\n\t\t\t\n\t\t<div class=\"cd-timeline-img cd-picture\" style=\"background:#75CE66;\">\n\n\t\t\t<!-- Custom Action Hook -->\n\t\t\t\n\t\t\t\t<!-- Standard Font Awesome Icon -->\n\t\t\t\t<span class=\"fa fa-check\" title=\"Funda\u00e7\u00e3o\"><\/span>\n\n\t\t\t\n\t\t<\/div> <!-- cd-timeline-img -->\n\n\t\n\t\t<\/a>\n\n\t\t\n\t<!-- Timeline Content -->\n\t<div class=\"cd-timeline-content\">\n\n\t\t\n\t\t<!-- Announcement Title -->\n\t\t<div class=\"cd-timeline-title-container\">\n\n\t\t\t\n\t\t\t<h2 class=\"cd-timeline-item-title\">\n\t\t\t\tFunda\u00e7\u00e3o\t\t\t<\/h2>\n\n\t\t\t\t\t\t\t<p class=\"timeline-date\">\n\t\t\t\t\t01\/01\/1981\t\t\t\t<\/p>\n\t\t\t\t\t\t<\/div>\n\t\t<!-- End Announcement Title -->\n\n\t\t\n\t\t<!-- Announcement Excerpt -->\n\t\t<div class=\"the-excerpt\">\n\t\t\t<p>Funda\u00e7\u00e3o do Sindicato dos Enfermeiros do Distrito Federal.<\/p>\n<a class=\"timeline-express-read-more-link\" href=\"https:\/\/sindenfermeiro.com.br\/index.php\/announcement\/1981-fundacao\/\"> Read more<\/a>\t\t<\/div>\n\t\t<!-- End Announcement Excerpt -->\n\n\t\t\n\t<\/div>\n\t<!-- End Timeline Content -->\n\n<\/div>\n<!-- End Timeline Block -->\n\n<div class=\"cd-timeline-block janeiro 01 2000 announcement-no-image announcement-30060\">\n\n\t\n\t\t<a class=\"cd-timeline-icon-link\" href=\"https:\/\/sindenfermeiro.com.br\/index.php\/announcement\/2000-criacao-da-carreira-no-df\/\">\n\n\t\t\t\n\t\t<div class=\"cd-timeline-img cd-picture\" style=\"background:#75CE66;\">\n\n\t\t\t<!-- Custom Action Hook -->\n\t\t\t\n\t\t\t\t<!-- Standard Font Awesome Icon -->\n\t\t\t\t<span class=\"fa fa-check\" title=\"Cria\u00e7\u00e3o da carreira no DF\"><\/span>\n\n\t\t\t\n\t\t<\/div> <!-- cd-timeline-img -->\n\n\t\n\t\t<\/a>\n\n\t\t\n\t<!-- Timeline Content -->\n\t<div class=\"cd-timeline-content\">\n\n\t\t\n\t\t<!-- Announcement Title -->\n\t\t<div class=\"cd-timeline-title-container\">\n\n\t\t\t\n\t\t\t<h2 class=\"cd-timeline-item-title\">\n\t\t\t\tCria\u00e7\u00e3o da carreira no DF\t\t\t<\/h2>\n\n\t\t\t\t\t\t\t<p class=\"timeline-date\">\n\t\t\t\t\t01\/01\/2000\t\t\t\t<\/p>\n\t\t\t\t\t\t<\/div>\n\t\t<!-- End Announcement Title -->\n\n\t\t\n\t\t<!-- Announcement Excerpt -->\n\t\t<div class=\"the-excerpt\">\n\t\t\t<p>Lei n\u00ba 2.638 cria a carreira de enfermeiro, na Secretaria de Sa\u00fade do Distrito Federal (SES-DF) e reduz a carga hor\u00e1ria dos enfermeiros de 30 para 24 horas semanais.<\/p>\n<a class=\"timeline-express-read-more-link\" href=\"https:\/\/sindenfermeiro.com.br\/index.php\/announcement\/2000-criacao-da-carreira-no-df\/\"> Read more<\/a>\t\t<\/div>\n\t\t<!-- End Announcement Excerpt -->\n\n\t\t\n\t<\/div>\n\t<!-- End Timeline Content -->\n\n<\/div>\n<!-- End Timeline Block -->\n\n<div class=\"cd-timeline-block janeiro 01 2007 announcement-no-image announcement-30077\">\n\n\t\n\t\t<a class=\"cd-timeline-icon-link\" href=\"https:\/\/sindenfermeiro.com.br\/index.php\/announcement\/2007-convencao-coletiva\/\">\n\n\t\t\t\n\t\t<div class=\"cd-timeline-img cd-picture\" style=\"background:#75CE66;\">\n\n\t\t\t<!-- Custom Action Hook -->\n\t\t\t\n\t\t\t\t<!-- Standard Font Awesome Icon -->\n\t\t\t\t<span class=\"fa fa-check\" title=\"Conven\u00e7\u00e3o Coletiva\"><\/span>\n\n\t\t\t\n\t\t<\/div> <!-- cd-timeline-img -->\n\n\t\n\t\t<\/a>\n\n\t\t\n\t<!-- Timeline Content -->\n\t<div class=\"cd-timeline-content\">\n\n\t\t\n\t\t<!-- Announcement Title -->\n\t\t<div class=\"cd-timeline-title-container\">\n\n\t\t\t\n\t\t\t<h2 class=\"cd-timeline-item-title\">\n\t\t\t\tConven\u00e7\u00e3o Coletiva\t\t\t<\/h2>\n\n\t\t\t\t\t\t\t<p class=\"timeline-date\">\n\t\t\t\t\t01\/01\/2007\t\t\t\t<\/p>\n\t\t\t\t\t\t<\/div>\n\t\t<!-- End Announcement Title -->\n\n\t\t\n\t\t<!-- Announcement Excerpt -->\n\t\t<div class=\"the-excerpt\">\n\t\t\t<p>O Sindicato dos Enfermeiros do DF conquista, junto ao Sindicato dos Hospitais Brasilienses (SBH), o estabelecimento de Conven\u00e7\u00e3o Coletiva, tabela salarial e aumento de 21% para enfermeiros que trabalham em empresas privadas.<\/p>\n<a class=\"timeline-express-read-more-link\" href=\"https:\/\/sindenfermeiro.com.br\/index.php\/announcement\/2007-convencao-coletiva\/\"> Read more<\/a>\t\t<\/div>\n\t\t<!-- End Announcement Excerpt -->\n\n\t\t\n\t<\/div>\n\t<!-- End Timeline Content -->\n\n<\/div>\n<!-- End Timeline Block -->\n\n<div class=\"cd-timeline-block janeiro 02 2007 announcement-no-image announcement-30102\">\n\n\t\n\t\t<a class=\"cd-timeline-icon-link\" href=\"https:\/\/sindenfermeiro.com.br\/index.php\/announcement\/2007-reducao-da-carga-horaria\/\">\n\n\t\t\t\n\t\t<div class=\"cd-timeline-img cd-picture\" style=\"background:#75CE66;\">\n\n\t\t\t<!-- Custom Action Hook -->\n\t\t\t\n\t\t\t\t<!-- Standard Font Awesome Icon -->\n\t\t\t\t<span class=\"fa fa-check\" title=\"Redu\u00e7\u00e3o da carga hor\u00e1ria\"><\/span>\n\n\t\t\t\n\t\t<\/div> <!-- cd-timeline-img -->\n\n\t\n\t\t<\/a>\n\n\t\t\n\t<!-- Timeline Content -->\n\t<div class=\"cd-timeline-content\">\n\n\t\t\n\t\t<!-- Announcement Title -->\n\t\t<div class=\"cd-timeline-title-container\">\n\n\t\t\t\n\t\t\t<h2 class=\"cd-timeline-item-title\">\n\t\t\t\tRedu\u00e7\u00e3o da carga hor\u00e1ria\t\t\t<\/h2>\n\n\t\t\t\t\t\t\t<p class=\"timeline-date\">\n\t\t\t\t\t02\/01\/2007\t\t\t\t<\/p>\n\t\t\t\t\t\t<\/div>\n\t\t<!-- End Announcement Title -->\n\n\t\t\n\t\t<!-- Announcement Excerpt -->\n\t\t<div class=\"the-excerpt\">\n\t\t\t<p>O SEDF conquista almejada redu\u00e7\u00e3o de carga hor\u00e1ria &#8211; de 24 para 20 horas semanais -, por meio da Lei 4.014\/07, votada na C\u00e2mara Legislativa do DF (CLDF) e sancionada pelo governador Jos\u00e9 Roberto Arruda.<\/p>\n<a class=\"timeline-express-read-more-link\" href=\"https:\/\/sindenfermeiro.com.br\/index.php\/announcement\/2007-reducao-da-carga-horaria\/\"> Read more<\/a>\t\t<\/div>\n\t\t<!-- End Announcement Excerpt -->\n\n\t\t\n\t<\/div>\n\t<!-- End Timeline Content -->\n\n<\/div>\n<!-- End Timeline Block -->\n\n<div class=\"cd-timeline-block janeiro 01 2016 announcement-no-image announcement-30145\">\n\n\t\n\t\t<a class=\"cd-timeline-icon-link\" href=\"https:\/\/sindenfermeiro.com.br\/index.php\/announcement\/2016-mobilizacao-contra-as-organizacoes-sociais-os\/\">\n\n\t\t\t\n\t\t<div class=\"cd-timeline-img cd-picture\" style=\"background:#75CE66;\">\n\n\t\t\t<!-- Custom Action Hook -->\n\t\t\t\n\t\t\t\t<!-- Standard Font Awesome Icon -->\n\t\t\t\t<span class=\"fa fa-check\" title=\"Mobiliza\u00e7\u00e3o contra as Organiza\u00e7\u00f5es Sociais (OS)\"><\/span>\n\n\t\t\t\n\t\t<\/div> <!-- cd-timeline-img -->\n\n\t\n\t\t<\/a>\n\n\t\t\n\t<!-- Timeline Content -->\n\t<div class=\"cd-timeline-content\">\n\n\t\t\n\t\t<!-- Announcement Title -->\n\t\t<div class=\"cd-timeline-title-container\">\n\n\t\t\t\n\t\t\t<h2 class=\"cd-timeline-item-title\">\n\t\t\t\tMobiliza\u00e7\u00e3o contra as Organiza\u00e7\u00f5es Sociais (OS)\t\t\t<\/h2>\n\n\t\t\t\t\t\t\t<p class=\"timeline-date\">\n\t\t\t\t\t01\/01\/2016\t\t\t\t<\/p>\n\t\t\t\t\t\t<\/div>\n\t\t<!-- End Announcement Title -->\n\n\t\t\n\t\t<!-- Announcement Excerpt -->\n\t\t<div class=\"the-excerpt\">\n\t\t\t<p>Em um contexto de crise econ\u00f4mica e pol\u00edtica, em todo o pa\u00eds e no Distrito Federal, o SindEnfermeiro engaja- se na luta contra a implementa\u00e7\u00e3o de Organiza\u00e7\u00f5es Sociais (OS), no servi\u00e7o de sa\u00fade. A atua\u00e7\u00e3o do sindicato, junto \u00e0 C\u00e2mara Legislativa (CLDF) e a mobiliza\u00e7\u00e3o &#8211; tanto junto \u00e0 categoria, quanto \u00e0 popula\u00e7\u00e3o &#8211; \u00e9 fundamental para evitar que institui\u00e7\u00f5es privadas assumam o gerenciamento de unidades de sa\u00fade, no DF.<\/p>\n<a class=\"timeline-express-read-more-link\" href=\"https:\/\/sindenfermeiro.com.br\/index.php\/announcement\/2016-mobilizacao-contra-as-organizacoes-sociais-os\/\"> Read more<\/a>\t\t<\/div>\n\t\t<!-- End Announcement Excerpt -->\n\n\t\t\n\t<\/div>\n\t<!-- End Timeline Content -->\n\n<\/div>\n<!-- End Timeline Block -->\n\n<div class=\"cd-timeline-block janeiro 01 2017 announcement-no-image announcement-30218\">\n\n\t\n\t\t<a class=\"cd-timeline-icon-link\" href=\"https:\/\/sindenfermeiro.com.br\/index.php\/announcement\/2017-filiacao-a-fne\/\">\n\n\t\t\t\n\t\t<div class=\"cd-timeline-img cd-picture\" style=\"background:#75CE66;\">\n\n\t\t\t<!-- Custom Action Hook -->\n\t\t\t\n\t\t\t\t<!-- Standard Font Awesome Icon -->\n\t\t\t\t<span class=\"fa fa-check\" title=\"Filia\u00e7\u00e3o \u00e0 FNE\"><\/span>\n\n\t\t\t\n\t\t<\/div> <!-- cd-timeline-img -->\n\n\t\n\t\t<\/a>\n\n\t\t\n\t<!-- Timeline Content -->\n\t<div class=\"cd-timeline-content\">\n\n\t\t\n\t\t<!-- Announcement Title -->\n\t\t<div class=\"cd-timeline-title-container\">\n\n\t\t\t\n\t\t\t<h2 class=\"cd-timeline-item-title\">\n\t\t\t\tFilia\u00e7\u00e3o \u00e0 FNE\t\t\t<\/h2>\n\n\t\t\t\t\t\t\t<p class=\"timeline-date\">\n\t\t\t\t\t01\/01\/2017\t\t\t\t<\/p>\n\t\t\t\t\t\t<\/div>\n\t\t<!-- End Announcement Title -->\n\n\t\t\n\t\t<!-- Announcement Excerpt -->\n\t\t<div class=\"the-excerpt\">\n\t\t\t<p>Ap\u00f3s destaque pela atua\u00e7\u00e3o a n\u00edvel distrital, o SindEnfermeiro filia-se \u00e0 Federa\u00e7\u00e3o Nacional dos Enfermeiros (FNE), visando a representatividade em \u00e2mbito federal e maior participa\u00e7\u00e3o em f\u00f3runs fundamentais para a categoria como no que diz respeito a carga hor\u00e1ria de 30 horas, a aposentadoria especial e ao piso salarial do enfermeiro. O sindicato, junto a FNE, trabalha para que a reforma da previd\u00eancia imposta pelo governo federal, contemple a aposentadoria especial para a categoria.<\/p>\n<a class=\"timeline-express-read-more-link\" href=\"https:\/\/sindenfermeiro.com.br\/index.php\/announcement\/2017-filiacao-a-fne\/\"> Read more<\/a>\t\t<\/div>\n\t\t<!-- End Announcement Excerpt -->\n\n\t\t\n\t<\/div>\n\t<!-- End Timeline Content -->\n\n<\/div>\n<!-- End Timeline Block -->\n\n<div class=\"cd-timeline-block janeiro 02 2017 announcement-no-image announcement-30367\">\n\n\t\n\t\t<a class=\"cd-timeline-icon-link\" href=\"https:\/\/sindenfermeiro.com.br\/index.php\/announcement\/2017-mobilizacao-pela-aposentadoria-especial\/\">\n\n\t\t\t\n\t\t<div class=\"cd-timeline-img cd-picture\" style=\"background:#75CE66;\">\n\n\t\t\t<!-- Custom Action Hook -->\n\t\t\t\n\t\t\t\t<!-- Standard Font Awesome Icon -->\n\t\t\t\t<span class=\"fa fa-check\" title=\"Mobiliza\u00e7\u00e3o pela aposentadoria especial\"><\/span>\n\n\t\t\t\n\t\t<\/div> <!-- cd-timeline-img -->\n\n\t\n\t\t<\/a>\n\n\t\t\n\t<!-- Timeline Content -->\n\t<div class=\"cd-timeline-content\">\n\n\t\t\n\t\t<!-- Announcement Title -->\n\t\t<div class=\"cd-timeline-title-container\">\n\n\t\t\t\n\t\t\t<h2 class=\"cd-timeline-item-title\">\n\t\t\t\tMobiliza\u00e7\u00e3o pela aposentadoria especial\t\t\t<\/h2>\n\n\t\t\t\t\t\t\t<p class=\"timeline-date\">\n\t\t\t\t\t02\/01\/2017\t\t\t\t<\/p>\n\t\t\t\t\t\t<\/div>\n\t\t<!-- End Announcement Title -->\n\n\t\t\n\t\t<!-- Announcement Excerpt -->\n\t\t<div class=\"the-excerpt\">\n\t\t\t<p>O SindEnfermeiro-DF representa a categoria, em audi\u00eancia p\u00fablica, na Comiss\u00e3o de Direitos Humanos e Legisla\u00e7\u00e3o Participativa do Senado (CDH), sobre Projeto de Lei (PLS) 349\/2016, que estabelece aposentadoria especial para o enfermeiro &#8211; ap\u00f3s 25 anos de contribui\u00e7\u00e3o -, recebendo 100% do sal\u00e1rio de benef\u00edcio.<\/p>\n<a class=\"timeline-express-read-more-link\" href=\"https:\/\/sindenfermeiro.com.br\/index.php\/announcement\/2017-mobilizacao-pela-aposentadoria-especial\/\"> Read more<\/a>\t\t<\/div>\n\t\t<!-- End Announcement Excerpt -->\n\n\t\t\n\t<\/div>\n\t<!-- End Timeline Content -->\n\n<\/div>\n<!-- End Timeline Block -->\n\n<div class=\"cd-timeline-block janeiro 03 2017 announcement-no-image announcement-30241\">\n\n\t\n\t\t<a class=\"cd-timeline-icon-link\" href=\"https:\/\/sindenfermeiro.com.br\/index.php\/announcement\/2017-fixacao-de-escala-no-sarah-kubistchek\/\">\n\n\t\t\t\n\t\t<div class=\"cd-timeline-img cd-picture\" style=\"background:#75CE66;\">\n\n\t\t\t<!-- Custom Action Hook -->\n\t\t\t\n\t\t\t\t<!-- Standard Font Awesome Icon -->\n\t\t\t\t<span class=\"fa fa-check\" title=\"Fixa\u00e7\u00e3o de escala no Sarah Kubistchek\"><\/span>\n\n\t\t\t\n\t\t<\/div> <!-- cd-timeline-img -->\n\n\t\n\t\t<\/a>\n\n\t\t\n\t<!-- Timeline Content -->\n\t<div class=\"cd-timeline-content\">\n\n\t\t\n\t\t<!-- Announcement Title -->\n\t\t<div class=\"cd-timeline-title-container\">\n\n\t\t\t\n\t\t\t<h2 class=\"cd-timeline-item-title\">\n\t\t\t\tFixa\u00e7\u00e3o de escala no Sarah Kubistchek\t\t\t<\/h2>\n\n\t\t\t\t\t\t\t<p class=\"timeline-date\">\n\t\t\t\t\t03\/01\/2017\t\t\t\t<\/p>\n\t\t\t\t\t\t<\/div>\n\t\t<!-- End Announcement Title -->\n\n\t\t\n\t\t<!-- Announcement Excerpt -->\n\t\t<div class=\"the-excerpt\">\n\t\t\t<p>O SindEnfermeiro-DF atua, incisiva e efetivamente, junto ao Sarah Kubistchek e a Superintend\u00eancia do Trabalho, na estabiliza\u00e7\u00e3o da escala dos profissionais da rede Sarah, no Distrito Federal.<\/p>\n<a class=\"timeline-express-read-more-link\" href=\"https:\/\/sindenfermeiro.com.br\/index.php\/announcement\/2017-fixacao-de-escala-no-sarah-kubistchek\/\"> Read more<\/a>\t\t<\/div>\n\t\t<!-- End Announcement Excerpt -->\n\n\t\t\n\t<\/div>\n\t<!-- End Timeline Content -->\n\n<\/div>\n<!-- End Timeline Block -->\n\n<div class=\"cd-timeline-block janeiro 04 2017 announcement-no-image announcement-30354\">\n\n\t\n\t\t<a class=\"cd-timeline-icon-link\" href=\"https:\/\/sindenfermeiro.com.br\/index.php\/announcement\/2017-lei-do-descanso-digno\/\">\n\n\t\t\t\n\t\t<div class=\"cd-timeline-img cd-picture\" style=\"background:#75CE66;\">\n\n\t\t\t<!-- Custom Action Hook -->\n\t\t\t\n\t\t\t\t<!-- Standard Font Awesome Icon -->\n\t\t\t\t<span class=\"fa fa-check\" title=\"Lei do Descanso Digno\"><\/span>\n\n\t\t\t\n\t\t<\/div> <!-- cd-timeline-img -->\n\n\t\n\t\t<\/a>\n\n\t\t\n\t<!-- Timeline Content -->\n\t<div class=\"cd-timeline-content\">\n\n\t\t\n\t\t<!-- Announcement Title -->\n\t\t<div class=\"cd-timeline-title-container\">\n\n\t\t\t\n\t\t\t<h2 class=\"cd-timeline-item-title\">\n\t\t\t\tLei do Descanso Digno\t\t\t<\/h2>\n\n\t\t\t\t\t\t\t<p class=\"timeline-date\">\n\t\t\t\t\t04\/01\/2017\t\t\t\t<\/p>\n\t\t\t\t\t\t<\/div>\n\t\t<!-- End Announcement Title -->\n\n\t\t\n\t\t<!-- Announcement Excerpt -->\n\t\t<div class=\"the-excerpt\">\n\t\t\t<p>Articula\u00e7\u00e3o do sindicato contribui para aprova\u00e7\u00e3o da Lei do Descanso Digno. O projeto de lei 1.147\/16 obriga institui\u00e7\u00f5es de sa\u00fade (p\u00fablicas e privadas) a oferecerem estrutura de descanso adequadas para os profissionais de Enfermagem do DF.<\/p>\n<a class=\"timeline-express-read-more-link\" href=\"https:\/\/sindenfermeiro.com.br\/index.php\/announcement\/2017-lei-do-descanso-digno\/\"> Read more<\/a>\t\t<\/div>\n\t\t<!-- End Announcement Excerpt -->\n\n\t\t\n\t<\/div>\n\t<!-- End Timeline Content -->\n\n<\/div>\n<!-- End Timeline Block -->\n\n<div class=\"cd-timeline-block janeiro 06 2017 announcement-no-image announcement-30331\">\n\n\t\n\t\t<a class=\"cd-timeline-icon-link\" href=\"https:\/\/sindenfermeiro.com.br\/index.php\/announcement\/2017-gtit\/\">\n\n\t\t\t\n\t\t<div class=\"cd-timeline-img cd-picture\" style=\"background:#75CE66;\">\n\n\t\t\t<!-- Custom Action Hook -->\n\t\t\t\n\t\t\t\t<!-- Standard Font Awesome Icon -->\n\t\t\t\t<span class=\"fa fa-check\" title=\"GTIT\"><\/span>\n\n\t\t\t\n\t\t<\/div> <!-- cd-timeline-img -->\n\n\t\n\t\t<\/a>\n\n\t\t\n\t<!-- Timeline Content -->\n\t<div class=\"cd-timeline-content\">\n\n\t\t\n\t\t<!-- Announcement Title -->\n\t\t<div class=\"cd-timeline-title-container\">\n\n\t\t\t\n\t\t\t<h2 class=\"cd-timeline-item-title\">\n\t\t\t\tGTIT\t\t\t<\/h2>\n\n\t\t\t\t\t\t\t<p class=\"timeline-date\">\n\t\t\t\t\t06\/01\/2017\t\t\t\t<\/p>\n\t\t\t\t\t\t<\/div>\n\t\t<!-- End Announcement Title -->\n\n\t\t\n\t\t<!-- Announcement Excerpt -->\n\t\t<div class=\"the-excerpt\">\n\t\t\t<p>A\u00e7\u00e3o ajuizada pelo SinEnfermeiro-DF garante a manuten\u00e7\u00e3o da Gratifica\u00e7\u00e3o por Titula\u00e7\u00e3o (GTIT) &#8211; at\u00e9 30% dos vencimentos &#8211; aos Enfermeiros. O benef\u00edcio havia sido indevidamente supenso pela Secretaria de Sa\u00fade (SES).<\/p>\n<a class=\"timeline-express-read-more-link\" href=\"https:\/\/sindenfermeiro.com.br\/index.php\/announcement\/2017-gtit\/\"> Read more<\/a>\t\t<\/div>\n\t\t<!-- End Announcement Excerpt -->\n\n\t\t\n\t<\/div>\n\t<!-- End Timeline Content -->\n\n<\/div>\n<!-- End Timeline Block -->\n\n<div class=\"cd-timeline-block janeiro 07 2017 announcement-no-image announcement-30299\">\n\n\t\n\t\t<a class=\"cd-timeline-icon-link\" href=\"https:\/\/sindenfermeiro.com.br\/index.php\/announcement\/2017-gmov\/\">\n\n\t\t\t\n\t\t<div class=\"cd-timeline-img cd-picture\" style=\"background:#75CE66;\">\n\n\t\t\t<!-- Custom Action Hook -->\n\t\t\t\n\t\t\t\t<!-- Standard Font Awesome Icon -->\n\t\t\t\t<span class=\"fa fa-check\" title=\"GMOV\"><\/span>\n\n\t\t\t\n\t\t<\/div> <!-- cd-timeline-img -->\n\n\t\n\t\t<\/a>\n\n\t\t\n\t<!-- Timeline Content -->\n\t<div class=\"cd-timeline-content\">\n\n\t\t\n\t\t<!-- Announcement Title -->\n\t\t<div class=\"cd-timeline-title-container\">\n\n\t\t\t\n\t\t\t<h2 class=\"cd-timeline-item-title\">\n\t\t\t\tGMOV\t\t\t<\/h2>\n\n\t\t\t\t\t\t\t<p class=\"timeline-date\">\n\t\t\t\t\t07\/01\/2017\t\t\t\t<\/p>\n\t\t\t\t\t\t<\/div>\n\t\t<!-- End Announcement Title -->\n\n\t\t\n\t\t<!-- Announcement Excerpt -->\n\t\t<div class=\"the-excerpt\">\n\t\t\t<p>O SindEnfermeiro-DF promove a\u00e7\u00e3o de Cumprimento de Senten\u00e7a contra o Distrito Federal para que a Gratifica\u00e7\u00e3o de Movimenta\u00e7\u00e3o (GMOV) \u2013 indevidamente suspensa, no per\u00edodo de maio de 2012 a mar\u00e7o de 2013 \u2013 seja paga aos enfermeiros prejudicados com a suspens\u00e3o. A Justi\u00e7a condenou o Distrito Federal a regularizar as pend\u00eancias.<\/p>\n<a class=\"timeline-express-read-more-link\" href=\"https:\/\/sindenfermeiro.com.br\/index.php\/announcement\/2017-gmov\/\"> Read more<\/a>\t\t<\/div>\n\t\t<!-- End Announcement Excerpt -->\n\n\t\t\n\t<\/div>\n\t<!-- End Timeline Content -->\n\n<\/div>\n<!-- End Timeline Block -->\n\n<div class=\"cd-timeline-block janeiro 08 2017 announcement-no-image announcement-30370\">\n\n\t\n\t\t<a class=\"cd-timeline-icon-link\" href=\"https:\/\/sindenfermeiro.com.br\/index.php\/announcement\/2017-ticket-alimentacao\/\">\n\n\t\t\t\n\t\t<div class=\"cd-timeline-img cd-picture\" style=\"background:#75CE66;\">\n\n\t\t\t<!-- Custom Action Hook -->\n\t\t\t\n\t\t\t\t<!-- Standard Font Awesome Icon -->\n\t\t\t\t<span class=\"fa fa-check\" title=\"Ticket Alimenta\u00e7\u00e3o\"><\/span>\n\n\t\t\t\n\t\t<\/div> <!-- cd-timeline-img -->\n\n\t\n\t\t<\/a>\n\n\t\t\n\t<!-- Timeline Content -->\n\t<div class=\"cd-timeline-content\">\n\n\t\t\n\t\t<!-- Announcement Title -->\n\t\t<div class=\"cd-timeline-title-container\">\n\n\t\t\t\n\t\t\t<h2 class=\"cd-timeline-item-title\">\n\t\t\t\tTicket Alimenta\u00e7\u00e3o\t\t\t<\/h2>\n\n\t\t\t\t\t\t\t<p class=\"timeline-date\">\n\t\t\t\t\t08\/01\/2017\t\t\t\t<\/p>\n\t\t\t\t\t\t<\/div>\n\t\t<!-- End Announcement Title -->\n\n\t\t\n\t\t<!-- Announcement Excerpt -->\n\t\t<div class=\"the-excerpt\">\n\t\t\t<p>A diretoria do sindicato toma conhecimento de a\u00e7\u00f5es que encontravam-se estagnadas &#8211; em gest\u00f5es anteriores &#8211; e concentra esfor\u00e7os no desarquivamento dos processos. O objetivo \u00e9 garantir o pagamento dos valores devidos seus sindicalizados. A partir da atua\u00e7\u00e3o do departamento jur\u00eddico do sindicato, a Justi\u00e7a ordena o pagamento dos precat\u00f3rios de Ticket Alimenta\u00e7\u00e3o e, ent\u00e3o, os cr\u00e9ditos de 376 enfermeiros passam a ser executados.<\/p>\n<a class=\"timeline-express-read-more-link\" href=\"https:\/\/sindenfermeiro.com.br\/index.php\/announcement\/2017-ticket-alimentacao\/\"> Read more<\/a>\t\t<\/div>\n\t\t<!-- End Announcement Excerpt -->\n\n\t\t\n\t<\/div>\n\t<!-- End Timeline Content -->\n\n<\/div>\n<!-- End Timeline Block -->\n\n<div class=\"cd-timeline-block janeiro 09 2017 announcement-no-image announcement-30272\">\n\n\t\n\t\t<a class=\"cd-timeline-icon-link\" href=\"https:\/\/sindenfermeiro.com.br\/index.php\/announcement\/2017-fuenf\/\">\n\n\t\t\t\n\t\t<div class=\"cd-timeline-img cd-picture\" style=\"background:#75CE66;\">\n\n\t\t\t<!-- Custom Action Hook -->\n\t\t\t\n\t\t\t\t<!-- Standard Font Awesome Icon -->\n\t\t\t\t<span class=\"fa fa-check\" title=\"Fuenf\"><\/span>\n\n\t\t\t\n\t\t<\/div> <!-- cd-timeline-img -->\n\n\t\n\t\t<\/a>\n\n\t\t\n\t<!-- Timeline Content -->\n\t<div class=\"cd-timeline-content\">\n\n\t\t\n\t\t<!-- Announcement Title -->\n\t\t<div class=\"cd-timeline-title-container\">\n\n\t\t\t\n\t\t\t<h2 class=\"cd-timeline-item-title\">\n\t\t\t\tFuenf\t\t\t<\/h2>\n\n\t\t\t\t\t\t\t<p class=\"timeline-date\">\n\t\t\t\t\t09\/01\/2017\t\t\t\t<\/p>\n\t\t\t\t\t\t<\/div>\n\t\t<!-- End Announcement Title -->\n\n\t\t\n\t\t<!-- Announcement Excerpt -->\n\t\t<div class=\"the-excerpt\">\n\t\t\t<p>Com objetivo de atuar em causas comuns e ampliar o alcance das entidades representativas, funda-se a Frente \u00danica da Enfermagem (FUEnf). Formada, no ato de sua funda\u00e7\u00e3o, por Sindicato dos Enfermeiros (SindEnfermeiro- DF), dos Auxiliares e T\u00e9cnicos (Sindate- DF), Associa\u00e7\u00e3o Brasileira (ABEn-DF) e Conselho Regional de Enfermagem (Coren-DF), o grupo atua em prol de melhorias na Enfermagem do Distrito Federal. Ainda em 2017, a Associa\u00e7\u00e3o Brasileira de Obstetrizes e Enfermeiros Obstetras (ABENFO-DF) junta-se ao colegiado.<\/p>\n<a class=\"timeline-express-read-more-link\" href=\"https:\/\/sindenfermeiro.com.br\/index.php\/announcement\/2017-fuenf\/\"> Read more<\/a>\t\t<\/div>\n\t\t<!-- End Announcement Excerpt -->\n\n\t\t\n\t<\/div>\n\t<!-- End Timeline Content -->\n\n<\/div>\n<!-- End Timeline Block -->\n\n<div class=\"cd-timeline-block janeiro 10 2017 announcement-no-image announcement-30192\">\n\n\t\n\t\t<a class=\"cd-timeline-icon-link\" href=\"https:\/\/sindenfermeiro.com.br\/index.php\/announcement\/2017-centro-de-parto-normal-cpn\/\">\n\n\t\t\t\n\t\t<div class=\"cd-timeline-img cd-picture\" style=\"background:#75CE66;\">\n\n\t\t\t<!-- Custom Action Hook -->\n\t\t\t\n\t\t\t\t<!-- Standard Font Awesome Icon -->\n\t\t\t\t<span class=\"fa fa-check\" title=\"Centro de Parto Normal (CPN)\"><\/span>\n\n\t\t\t\n\t\t<\/div> <!-- cd-timeline-img -->\n\n\t\n\t\t<\/a>\n\n\t\t\n\t<!-- Timeline Content -->\n\t<div class=\"cd-timeline-content\">\n\n\t\t\n\t\t<!-- Announcement Title -->\n\t\t<div class=\"cd-timeline-title-container\">\n\n\t\t\t\n\t\t\t<h2 class=\"cd-timeline-item-title\">\n\t\t\t\tCentro de Parto Normal (CPN)\t\t\t<\/h2>\n\n\t\t\t\t\t\t\t<p class=\"timeline-date\">\n\t\t\t\t\t10\/01\/2017\t\t\t\t<\/p>\n\t\t\t\t\t\t<\/div>\n\t\t<!-- End Announcement Title -->\n\n\t\t\n\t\t<!-- Announcement Excerpt -->\n\t\t<div class=\"the-excerpt\">\n\t\t\t<p>Visando alcan\u00e7ar indicadores de melhoria e seguran\u00e7a na assist\u00eancia \u00e0 gestantes, parturientes e a rec\u00e9m-nascidos &#8211; atrav\u00e9s da boa pr\u00e1tica de aten\u00e7\u00e3o ao parto e ao nascimento -, a Frente \u00danica da Enfermagem (FUEnf) desenvolve projeto do Centro de Parto Normal (CPN) &#8211; peri-hospitalar -, no Gama. A enfermagem tem papel elementar no projeto ao se tornar respons\u00e1vel pela supervis\u00e3o da assist\u00eancia no centro, al\u00e9m de atuar diretamente na assist\u00eancia \u00e0s mulheres. O estabelecimento de fluxos dos servi\u00e7os e o atendimento, em todos os n\u00edveis, ficam a cargo dos enfermeiros &#8211; mesmo n\u00e3o excluindo a necessidade espec\u00edfica da atua\u00e7\u00e3o m\u00e9dica e multiprofissional eventualmente.<\/p>\n<a class=\"timeline-express-read-more-link\" href=\"https:\/\/sindenfermeiro.com.br\/index.php\/announcement\/2017-centro-de-parto-normal-cpn\/\"> Read more<\/a>\t\t<\/div>\n\t\t<!-- End Announcement Excerpt -->\n\n\t\t\n\t<\/div>\n\t<!-- End Timeline Content -->\n\n<\/div>\n<!-- End Timeline Block -->\n\n<div class=\"cd-timeline-block janeiro 11 2017 announcement-no-image announcement-30369\">\n\n\t\n\t\t<a class=\"cd-timeline-icon-link\" href=\"https:\/\/sindenfermeiro.com.br\/index.php\/announcement\/2017-regulamentacao-de-carreiras-e-concurso-para-especialistas\/\">\n\n\t\t\t\n\t\t<div class=\"cd-timeline-img cd-picture\" style=\"background:#75CE66;\">\n\n\t\t\t<!-- Custom Action Hook -->\n\t\t\t\n\t\t\t\t<!-- Standard Font Awesome Icon -->\n\t\t\t\t<span class=\"fa fa-check\" title=\"Regulamenta\u00e7\u00e3o de carreiras e concurso para especialistas\"><\/span>\n\n\t\t\t\n\t\t<\/div> <!-- cd-timeline-img -->\n\n\t\n\t\t<\/a>\n\n\t\t\n\t<!-- Timeline Content -->\n\t<div class=\"cd-timeline-content\">\n\n\t\t\n\t\t<!-- Announcement Title -->\n\t\t<div class=\"cd-timeline-title-container\">\n\n\t\t\t\n\t\t\t<h2 class=\"cd-timeline-item-title\">\n\t\t\t\tRegulamenta\u00e7\u00e3o de carreiras e concurso para especialistas\t\t\t<\/h2>\n\n\t\t\t\t\t\t\t<p class=\"timeline-date\">\n\t\t\t\t\t11\/01\/2017\t\t\t\t<\/p>\n\t\t\t\t\t\t<\/div>\n\t\t<!-- End Announcement Title -->\n\n\t\t\n\t\t<!-- Announcement Excerpt -->\n\t\t<div class=\"the-excerpt\">\n\t\t\t<p>Atrav\u00e9s da articula\u00e7\u00e3o da Frente \u00danica da Enfermagem (FUEnf) junto aos poderes competentes, as especialidades de enfermeiro obstetra e de fam\u00edlia e comunidade s\u00e3o regulamentadas pela Portaria Conjunta (74\/2017) \u2013 das Secretarias de Planejamento e Sa\u00fade. A demanda surge concomitante ao estabelecimento do Centro de Parto Normal (CPN), no Gama, e a regulamenta\u00e7\u00e3o proporciona, ao enfermeiro, a alternativa&#8230;<\/p>\n<a class=\"timeline-express-read-more-link\" href=\"https:\/\/sindenfermeiro.com.br\/index.php\/announcement\/2017-regulamentacao-de-carreiras-e-concurso-para-especialistas\/\"> Read more<\/a>\t\t<\/div>\n\t\t<!-- End Announcement Excerpt -->\n\n\t\t\n\t<\/div>\n\t<!-- End Timeline Content -->\n\n<\/div>\n<!-- End Timeline Block -->\n\n<div class=\"cd-timeline-block janeiro 05 2018 announcement-no-image announcement-30167\">\n\n\t\n\t\t<a class=\"cd-timeline-icon-link\" href=\"https:\/\/sindenfermeiro.com.br\/index.php\/announcement\/2017-acordos-coletivos\/\">\n\n\t\t\t\n\t\t<div class=\"cd-timeline-img cd-picture\" style=\"background:#75CE66;\">\n\n\t\t\t<!-- Custom Action Hook -->\n\t\t\t\n\t\t\t\t<!-- Standard Font Awesome Icon -->\n\t\t\t\t<span class=\"fa fa-check\" title=\"Acordos Coletivos\"><\/span>\n\n\t\t\t\n\t\t<\/div> <!-- cd-timeline-img -->\n\n\t\n\t\t<\/a>\n\n\t\t\n\t<!-- Timeline Content -->\n\t<div class=\"cd-timeline-content\">\n\n\t\t\n\t\t<!-- Announcement Title -->\n\t\t<div class=\"cd-timeline-title-container\">\n\n\t\t\t\n\t\t\t<h2 class=\"cd-timeline-item-title\">\n\t\t\t\tAcordos Coletivos\t\t\t<\/h2>\n\n\t\t\t\t\t\t\t<p class=\"timeline-date\">\n\t\t\t\t\t05\/01\/2018\t\t\t\t<\/p>\n\t\t\t\t\t\t<\/div>\n\t\t<!-- End Announcement Title -->\n\n\t\t\n\t\t<!-- Announcement Excerpt -->\n\t\t<div class=\"the-excerpt\">\n\t\t\t<p>Comiss\u00e3o de Rede Privada do SindEnfermeiro-DF faz valer, junto a Rede Santa, aumento de 11,6%, no Hospital Santa L\u00facia, al\u00e9m dos retroativos de 5 anos, no Hospital Santa L\u00facia.<\/p>\n<a class=\"timeline-express-read-more-link\" href=\"https:\/\/sindenfermeiro.com.br\/index.php\/announcement\/2017-acordos-coletivos\/\"> Read more<\/a>\t\t<\/div>\n\t\t<!-- End Announcement Excerpt -->\n\n\t\t\n\t<\/div>\n\t<!-- End Timeline Content -->\n\n<\/div>\n<!-- End Timeline Block -->\n\n<div class=\"cd-timeline-block abril 20 2018 announcement-no-image announcement-40511\">\n\n\t\n\t\t<a class=\"cd-timeline-icon-link\" href=\"https:\/\/sindenfermeiro.com.br\/index.php\/announcement\/aprovacao-do-projeto-das-18-horas\/\">\n\n\t\t\t\n\t\t<div class=\"cd-timeline-img cd-picture\" style=\"background:#75CE66;\">\n\n\t\t\t<!-- Custom Action Hook -->\n\t\t\t\n\t\t\t\t<!-- Standard Font Awesome Icon -->\n\t\t\t\t<span class=\"fa fa-check\" title=\"Aprova\u00e7\u00e3o do Projeto das 18 horas\"><\/span>\n\n\t\t\t\n\t\t<\/div> <!-- cd-timeline-img -->\n\n\t\n\t\t<\/a>\n\n\t\t\n\t<!-- Timeline Content -->\n\t<div class=\"cd-timeline-content\">\n\n\t\t\n\t\t<!-- Announcement Title -->\n\t\t<div class=\"cd-timeline-title-container\">\n\n\t\t\t\n\t\t\t<h2 class=\"cd-timeline-item-title\">\n\t\t\t\tAprova\u00e7\u00e3o do Projeto das 18 horas\t\t\t<\/h2>\n\n\t\t\t\t\t\t\t<p class=\"timeline-date\">\n\t\t\t\t\t20\/04\/2018\t\t\t\t<\/p>\n\t\t\t\t\t\t<\/div>\n\t\t<!-- End Announcement Title -->\n\n\t\t\n\t\t<!-- Announcement Excerpt -->\n\t\t<div class=\"the-excerpt\">\n\t\t\t<p>A C\u00e2mara Legislativa do Distrito Federal (CLDF) aprovou, nessa quinta (19), por unanimidade, o projeto de lei (PL 1.992\/2018) que permite jornada de 18 horas cont\u00ednuas. Em contraponto, o PL estabelece remunera\u00e7\u00e3o fixa para as horas extras de todos os servidores do mesmo cargo, independentemente dos anos de trabalho dos profissionais. O que barateia a hora extra dos trabalhadores. A modalidade, chamada de Trabalho em Per\u00edodo Definido (TPD), foi a alternativa encontrada por parlamentares e Executivo para garantir o funcionamento das unidades da rede p\u00fablica e da Escola Superior de Ci\u00eancias da Sa\u00fade (ESCS), diante das amea\u00e7as do Governo do Distrito Federal (GDF) de fechar servi\u00e7os.<\/p>\n<a class=\"timeline-express-read-more-link\" href=\"https:\/\/sindenfermeiro.com.br\/index.php\/announcement\/aprovacao-do-projeto-das-18-horas\/\"> Read more<\/a>\t\t<\/div>\n\t\t<!-- End Announcement Excerpt -->\n\n\t\t\n\t<\/div>\n\t<!-- End Timeline Content -->\n\n<\/div>\n<!-- End Timeline Block -->\n\n<div class=\"cd-timeline-block abril 27 2018 announcement-no-image announcement-40512\">\n\n\t\n\t\t<a class=\"cd-timeline-icon-link\" href=\"https:\/\/sindenfermeiro.com.br\/index.php\/announcement\/aposentados-recebem-pecunia\/\">\n\n\t\t\t\n\t\t<div class=\"cd-timeline-img cd-picture\" style=\"background:#75CE66;\">\n\n\t\t\t<!-- Custom Action Hook -->\n\t\t\t\n\t\t\t\t<!-- Standard Font Awesome Icon -->\n\t\t\t\t<span class=\"fa fa-check\" title=\"Aposentados recebem pec\u00fania\"><\/span>\n\n\t\t\t\n\t\t<\/div> <!-- cd-timeline-img -->\n\n\t\n\t\t<\/a>\n\n\t\t\n\t<!-- Timeline Content -->\n\t<div class=\"cd-timeline-content\">\n\n\t\t\n\t\t<!-- Announcement Title -->\n\t\t<div class=\"cd-timeline-title-container\">\n\n\t\t\t\n\t\t\t<h2 class=\"cd-timeline-item-title\">\n\t\t\t\tAposentados recebem pec\u00fania\t\t\t<\/h2>\n\n\t\t\t\t\t\t\t<p class=\"timeline-date\">\n\t\t\t\t\t27\/04\/2018\t\t\t\t<\/p>\n\t\t\t\t\t\t<\/div>\n\t\t<!-- End Announcement Title -->\n\n\t\t\n\t\t<!-- Announcement Excerpt -->\n\t\t<div class=\"the-excerpt\">\n\t\t\t<p>Enfermeiros da Secretaria de Sa\u00fade (SES) \u2013 que se aposentaram at\u00e9 30 de abril de 2016 \u2013 receberam o valor referente \u00e0s pec\u00fanias. Em janeiro de 2018, o SindEnfermeiro-DF trabalhou para que o PL 1884\/18 garantisse a destina\u00e7\u00e3o de R$ 36 milh\u00f5es ao pagamento da d\u00edvida do Governo do Distrito Federal (GDF) com o aposentados da Sa\u00fade. O\u00a0valor foi adicionado \u00e0 Lei Or\u00e7ament\u00e1ria Anual (LOA) do DF.<\/p>\n<a class=\"timeline-express-read-more-link\" href=\"https:\/\/sindenfermeiro.com.br\/index.php\/announcement\/aposentados-recebem-pecunia\/\"> Read more<\/a>\t\t<\/div>\n\t\t<!-- End Announcement Excerpt -->\n\n\t\t\n\t<\/div>\n\t<!-- End Timeline Content -->\n\n<\/div>\n<!-- End Timeline Block -->\n\n<div class=\"cd-timeline-block dezembro 11 2018 announcement-no-image announcement-40513\">\n\n\t\n\t\t<a class=\"cd-timeline-icon-link\" href=\"https:\/\/sindenfermeiro.com.br\/index.php\/announcement\/acordo-com-o-inss-acordo-para-agilizar-atendimento-de-enfermeiros\/\">\n\n\t\t\t\n\t\t<div class=\"cd-timeline-img cd-picture\" style=\"background:#75CE66;\">\n\n\t\t\t<!-- Custom Action Hook -->\n\t\t\t\n\t\t\t\t<!-- Standard Font Awesome Icon -->\n\t\t\t\t<span class=\"fa fa-check\" title=\"Acordo com o INSS acordo para agilizar atendimento de enfermeiros\"><\/span>\n\n\t\t\t\n\t\t<\/div> <!-- cd-timeline-img -->\n\n\t\n\t\t<\/a>\n\n\t\t\n\t<!-- Timeline Content -->\n\t<div class=\"cd-timeline-content\">\n\n\t\t\n\t\t<!-- Announcement Title -->\n\t\t<div class=\"cd-timeline-title-container\">\n\n\t\t\t\n\t\t\t<h2 class=\"cd-timeline-item-title\">\n\t\t\t\tAcordo com o INSS acordo para agilizar atendimento de enfermeiros\t\t\t<\/h2>\n\n\t\t\t\t\t\t\t<p class=\"timeline-date\">\n\t\t\t\t\t11\/12\/2018\t\t\t\t<\/p>\n\t\t\t\t\t\t<\/div>\n\t\t<!-- End Announcement Title -->\n\n\t\t\n\t\t<!-- Announcement Excerpt -->\n\t\t<div class=\"the-excerpt\">\n\t\t\t<p>Em outubro de 2018, foi firmado um Acordo de Coopera\u00e7\u00e3o T\u00e9cnica com o \u00f3rg\u00e3o e permitiu ao SindEnfermeiro a operacionaliza\u00e7\u00e3o de requerimentos dos servi\u00e7os e benef\u00edcios concedidos pela Previd\u00eancia Social, visando beneficiar filiados e dependentes por ocasi\u00e3o da implanta\u00e7\u00e3o do Projeto INSS Digital.<\/p>\n<a class=\"timeline-express-read-more-link\" href=\"https:\/\/sindenfermeiro.com.br\/index.php\/announcement\/acordo-com-o-inss-acordo-para-agilizar-atendimento-de-enfermeiros\/\"> Read more<\/a>\t\t<\/div>\n\t\t<!-- End Announcement Excerpt -->\n\n\t\t\n\t<\/div>\n\t<!-- End Timeline Content -->\n\n<\/div>\n<!-- End Timeline Block -->\n\n<div class=\"cd-timeline-block janeiro 23 2019 announcement-no-image announcement-40514\">\n\n\t\n\t\t<a class=\"cd-timeline-icon-link\" href=\"https:\/\/sindenfermeiro.com.br\/index.php\/announcement\/ato-unificado-em-defesa-da-saude\/\">\n\n\t\t\t\n\t\t<div class=\"cd-timeline-img cd-picture\" style=\"background:#75CE66;\">\n\n\t\t\t<!-- Custom Action Hook -->\n\t\t\t\n\t\t\t\t<!-- Standard Font Awesome Icon -->\n\t\t\t\t<span class=\"fa fa-check\" title=\"Ato Unificado em Defesa da Sa\u00fade\"><\/span>\n\n\t\t\t\n\t\t<\/div> <!-- cd-timeline-img -->\n\n\t\n\t\t<\/a>\n\n\t\t\n\t<!-- Timeline Content -->\n\t<div class=\"cd-timeline-content\">\n\n\t\t\n\t\t<!-- Announcement Title -->\n\t\t<div class=\"cd-timeline-title-container\">\n\n\t\t\t\n\t\t\t<h2 class=\"cd-timeline-item-title\">\n\t\t\t\tAto Unificado em Defesa da Sa\u00fade\t\t\t<\/h2>\n\n\t\t\t\t\t\t\t<p class=\"timeline-date\">\n\t\t\t\t\t23\/01\/2019\t\t\t\t<\/p>\n\t\t\t\t\t\t<\/div>\n\t\t<!-- End Announcement Title -->\n\n\t\t\n\t\t<!-- Announcement Excerpt -->\n\t\t<div class=\"the-excerpt\">\n\t\t\t<p>O SindEnfermeiro encabe\u00e7ou a mobiliza\u00e7\u00e3o unificada contra a privatiza\u00e7\u00e3o da sa\u00fade no Distrito Federal e a expans\u00e3o do modelo de gest\u00e3o e cria\u00e7\u00e3o do Instituto de Gest\u00e3o Estrat\u00e9gica de Sa\u00fade do Distrito Federal (IGESDF), respons\u00e1vel pelos hospitais de Base e Santa Maria, al\u00e9m da Unidades de Pronto Atendimento. O Ato aconteceu na C\u00e2mara Legislativa do DF e reuniu centenas de trabalhadores da sa\u00fade.<\/p>\n<a class=\"timeline-express-read-more-link\" href=\"https:\/\/sindenfermeiro.com.br\/index.php\/announcement\/ato-unificado-em-defesa-da-saude\/\"> Read more<\/a>\t\t<\/div>\n\t\t<!-- End Announcement Excerpt -->\n\n\t\t\n\t<\/div>\n\t<!-- End Timeline Content -->\n\n<\/div>\n<!-- End Timeline Block -->\n\n<div class=\"cd-timeline-block abril 16 2019 announcement-no-image announcement-40515\">\n\n\t\n\t\t<a class=\"cd-timeline-icon-link\" href=\"https:\/\/sindenfermeiro.com.br\/index.php\/announcement\/lancamento-nurse-now-no-brasil\/\">\n\n\t\t\t\n\t\t<div class=\"cd-timeline-img cd-picture\" style=\"background:#75CE66;\">\n\n\t\t\t<!-- Custom Action Hook -->\n\t\t\t\n\t\t\t\t<!-- Standard Font Awesome Icon -->\n\t\t\t\t<span class=\"fa fa-check\" title=\"Lan\u00e7amento \u201cNurse Now\u201d no Brasil\"><\/span>\n\n\t\t\t\n\t\t<\/div> <!-- cd-timeline-img -->\n\n\t\n\t\t<\/a>\n\n\t\t\n\t<!-- Timeline Content -->\n\t<div class=\"cd-timeline-content\">\n\n\t\t\n\t\t<!-- Announcement Title -->\n\t\t<div class=\"cd-timeline-title-container\">\n\n\t\t\t\n\t\t\t<h2 class=\"cd-timeline-item-title\">\n\t\t\t\tLan\u00e7amento \u201cNurse Now\u201d no Brasil\t\t\t<\/h2>\n\n\t\t\t\t\t\t\t<p class=\"timeline-date\">\n\t\t\t\t\t16\/04\/2019\t\t\t\t<\/p>\n\t\t\t\t\t\t<\/div>\n\t\t<!-- End Announcement Title -->\n\n\t\t\n\t\t<!-- Announcement Excerpt -->\n\t\t<div class=\"the-excerpt\">\n\t\t\t<p>A campanha \u201cNursing Now\u201d, iniciativa mundial em prol da valoriza\u00e7\u00e3o e do fortalecimento da Enfermagem foi lan\u00e7ada no Brasil em abril de 2018. Encabe\u00e7ada pelo Conselho Federal de Enfermagem (COFEN), em parceria a Organiza\u00e7\u00e3o Pan-Americana de Sa\u00fade (OPAS) e a Organiza\u00e7\u00e3o Mundial da Sa\u00fade (OMS). O objetivo principal \u00e9 a sensibiliza\u00e7\u00e3o sobre a import\u00e2ncia do profissional de enfermagem \u2013 al\u00e9m da busca pela melhoria das condi\u00e7\u00f5es de trabalho dos profissionais e a ado\u00e7\u00e3o de pr\u00e1ticas efetivas e inovadoras com base em evid\u00eancias cient\u00edficas, em \u00e2mbito nacional e regional.<\/p>\n<a class=\"timeline-express-read-more-link\" href=\"https:\/\/sindenfermeiro.com.br\/index.php\/announcement\/lancamento-nurse-now-no-brasil\/\"> Read more<\/a>\t\t<\/div>\n\t\t<!-- End Announcement Excerpt -->\n\n\t\t\n\t<\/div>\n\t<!-- End Timeline Content -->\n\n<\/div>\n<!-- End Timeline Block -->\n\n<div class=\"cd-timeline-block maio 14 2019 announcement-no-image announcement-40516\">\n\n\t\n\t\t<a class=\"cd-timeline-icon-link\" href=\"https:\/\/sindenfermeiro.com.br\/index.php\/announcement\/1o-seminario-sobre-saude-do-trabalhador\/\">\n\n\t\t\t\n\t\t<div class=\"cd-timeline-img cd-picture\" style=\"background:#75CE66;\">\n\n\t\t\t<!-- Custom Action Hook -->\n\t\t\t\n\t\t\t\t<!-- Standard Font Awesome Icon -->\n\t\t\t\t<span class=\"fa fa-check\" title=\"1\u00ba Semin\u00e1rio sobre Sa\u00fade do Trabalhador\"><\/span>\n\n\t\t\t\n\t\t<\/div> <!-- cd-timeline-img -->\n\n\t\n\t\t<\/a>\n\n\t\t\n\t<!-- Timeline Content -->\n\t<div class=\"cd-timeline-content\">\n\n\t\t\n\t\t<!-- Announcement Title -->\n\t\t<div class=\"cd-timeline-title-container\">\n\n\t\t\t\n\t\t\t<h2 class=\"cd-timeline-item-title\">\n\t\t\t\t1\u00ba Semin\u00e1rio sobre Sa\u00fade do Trabalhador\t\t\t<\/h2>\n\n\t\t\t\t\t\t\t<p class=\"timeline-date\">\n\t\t\t\t\t14\/05\/2019\t\t\t\t<\/p>\n\t\t\t\t\t\t<\/div>\n\t\t<!-- End Announcement Title -->\n\n\t\t\n\t\t<!-- Announcement Excerpt -->\n\t\t<div class=\"the-excerpt\">\n\t\t\t<p>Evento teve como inten\u00e7\u00e3o compreender a enfermagem como pr\u00e1tica social e suas consequ\u00eancias para as rela\u00e7\u00f5es de trabalho e sa\u00fade. O semin\u00e1rio aconteceu no audit\u00f3rio da Sede Nacional da Associa\u00e7\u00e3o Brasileira de Enfermagem (ABEn) e contou com a presen\u00e7a de enfermeiros, professores e estudantes de enfermagem. Al\u00e9m disso, o 1\u00ba Semin\u00e1rio sobre Sa\u00fade do Trabalhador&#8230;<\/p>\n<a class=\"timeline-express-read-more-link\" href=\"https:\/\/sindenfermeiro.com.br\/index.php\/announcement\/1o-seminario-sobre-saude-do-trabalhador\/\"> Read more<\/a>\t\t<\/div>\n\t\t<!-- End Announcement Excerpt -->\n\n\t\t\n\t<\/div>\n\t<!-- End Timeline Content -->\n\n<\/div>\n<!-- End Timeline Block -->\n\n<div class=\"cd-timeline-block maio 17 2019 announcement-no-image announcement-40518\">\n\n\t\n\t\t<a class=\"cd-timeline-icon-link\" href=\"https:\/\/sindenfermeiro.com.br\/index.php\/announcement\/forca-tarefa-pela-aposentadoria-especial\/\">\n\n\t\t\t\n\t\t<div class=\"cd-timeline-img cd-picture\" style=\"background:#75CE66;\">\n\n\t\t\t<!-- Custom Action Hook -->\n\t\t\t\n\t\t\t\t<!-- Standard Font Awesome Icon -->\n\t\t\t\t<span class=\"fa fa-check\" title=\"For\u00e7a tarefa pela aposentadoria especial\"><\/span>\n\n\t\t\t\n\t\t<\/div> <!-- cd-timeline-img -->\n\n\t\n\t\t<\/a>\n\n\t\t\n\t<!-- Timeline Content -->\n\t<div class=\"cd-timeline-content\">\n\n\t\t\n\t\t<!-- Announcement Title -->\n\t\t<div class=\"cd-timeline-title-container\">\n\n\t\t\t\n\t\t\t<h2 class=\"cd-timeline-item-title\">\n\t\t\t\tFor\u00e7a tarefa pela aposentadoria especial\t\t\t<\/h2>\n\n\t\t\t\t\t\t\t<p class=\"timeline-date\">\n\t\t\t\t\t17\/05\/2019\t\t\t\t<\/p>\n\t\t\t\t\t\t<\/div>\n\t\t<!-- End Announcement Title -->\n\n\t\t\n\t\t<!-- Announcement Excerpt -->\n\t\t<div class=\"the-excerpt\">\n\t\t\t<p>O sindicato apoiou a a\u00e7\u00e3o realizada pelo Cofen, Coren-DF e v\u00e1rios parceiros da enfermagem, com destaque ao enfermeiro Adriano Ara\u00fajo, que formaram uma verdadeira for\u00e7a tarefa para coletar a assinatura de deputados federais para que seja apresentada uma emenda ao Projeto da Reforma Trabalhista, que garanta a aposentadoria especial para a enfermagem.<\/p>\n<a class=\"timeline-express-read-more-link\" href=\"https:\/\/sindenfermeiro.com.br\/index.php\/announcement\/forca-tarefa-pela-aposentadoria-especial\/\"> Read more<\/a>\t\t<\/div>\n\t\t<!-- End Announcement Excerpt -->\n\n\t\t\n\t<\/div>\n\t<!-- End Timeline Content -->\n\n<\/div>\n<!-- End Timeline Block -->\n\n<div class=\"cd-timeline-block maio 24 2019 announcement-no-image announcement-40517\">\n\n\t\n\t\t<a class=\"cd-timeline-icon-link\" href=\"https:\/\/sindenfermeiro.com.br\/index.php\/announcement\/pagamento-das-gratificacoes-de-preceptorias-defasadas\/\">\n\n\t\t\t\n\t\t<div class=\"cd-timeline-img cd-picture\" style=\"background:#75CE66;\">\n\n\t\t\t<!-- Custom Action Hook -->\n\t\t\t\n\t\t\t\t<!-- Standard Font Awesome Icon -->\n\t\t\t\t<span class=\"fa fa-check\" title=\"Pagamento das gratifica\u00e7\u00f5es de preceptorias defasadas\"><\/span>\n\n\t\t\t\n\t\t<\/div> <!-- cd-timeline-img -->\n\n\t\n\t\t<\/a>\n\n\t\t\n\t<!-- Timeline Content -->\n\t<div class=\"cd-timeline-content\">\n\n\t\t\n\t\t<!-- Announcement Title -->\n\t\t<div class=\"cd-timeline-title-container\">\n\n\t\t\t\n\t\t\t<h2 class=\"cd-timeline-item-title\">\n\t\t\t\tPagamento das gratifica\u00e7\u00f5es de preceptorias defasadas\t\t\t<\/h2>\n\n\t\t\t\t\t\t\t<p class=\"timeline-date\">\n\t\t\t\t\t24\/05\/2019\t\t\t\t<\/p>\n\t\t\t\t\t\t<\/div>\n\t\t<!-- End Announcement Title -->\n\n\t\t\n\t\t<!-- Announcement Excerpt -->\n\t\t<div class=\"the-excerpt\">\n\t\t\t<p>O SindEnfermeiro-DF recebeu a primeira decis\u00e3o favor\u00e1vel no julgamento dos recursos solicitados pelo Governo do Distrito Federal (GDF) nas a\u00e7\u00f5es relativas \u00e0s Gratifica\u00e7\u00f5es de Preceptoria. O parecer manteve a senten\u00e7a que obrigava o Executivo a realizar o pagamento dos valores atualizados das gratifica\u00e7\u00f5es.<\/p>\n<a class=\"timeline-express-read-more-link\" href=\"https:\/\/sindenfermeiro.com.br\/index.php\/announcement\/pagamento-das-gratificacoes-de-preceptorias-defasadas\/\"> Read more<\/a>\t\t<\/div>\n\t\t<!-- End Announcement Excerpt -->\n\n\t\t\n\t<\/div>\n\t<!-- End Timeline Content -->\n\n<\/div>\n<!-- End Timeline Block -->\n\n<div class=\"cd-timeline-block agosto 06 2019 announcement-no-image announcement-40519\">\n\n\t\n\t\t<a class=\"cd-timeline-icon-link\" href=\"https:\/\/sindenfermeiro.com.br\/index.php\/announcement\/ato-nacional-em-defesa-do-sus\/\">\n\n\t\t\t\n\t\t<div class=\"cd-timeline-img cd-picture\" style=\"background:#75CE66;\">\n\n\t\t\t<!-- Custom Action Hook -->\n\t\t\t\n\t\t\t\t<!-- Standard Font Awesome Icon -->\n\t\t\t\t<span class=\"fa fa-check\" title=\"Ato Nacional em defesa do SUS\"><\/span>\n\n\t\t\t\n\t\t<\/div> <!-- cd-timeline-img -->\n\n\t\n\t\t<\/a>\n\n\t\t\n\t<!-- Timeline Content -->\n\t<div class=\"cd-timeline-content\">\n\n\t\t\n\t\t<!-- Announcement Title -->\n\t\t<div class=\"cd-timeline-title-container\">\n\n\t\t\t\n\t\t\t<h2 class=\"cd-timeline-item-title\">\n\t\t\t\tAto Nacional em defesa do SUS\t\t\t<\/h2>\n\n\t\t\t\t\t\t\t<p class=\"timeline-date\">\n\t\t\t\t\t06\/08\/2019\t\t\t\t<\/p>\n\t\t\t\t\t\t<\/div>\n\t\t<!-- End Announcement Title -->\n\n\t\t\n\t\t<!-- Announcement Excerpt -->\n\t\t<div class=\"the-excerpt\">\n\t\t\t<p>O Ato Nacional Unificado em defesa do Sistema \u00danico de Sa\u00fade (SUS) aconteceu em frente ao Museu da Rep\u00fablica e reuniu a diretoria do SindEnfermeiro, \u00a0os integrantes da 16\u00aa Confer\u00eancia Nacional de Sa\u00fade, al\u00e9m de estudantes, entidades sindicais e parlamentares. A manifesta\u00e7\u00e3o fez parte da 16\u00aa Confer\u00eancia Nacional de Sa\u00fade, que aconteceu em Bras\u00edlia. As Confer\u00eancias de Sa\u00fade acontecem de quatro em quatro ano e re\u00fanem gestores, profissionais de sa\u00fade e usu\u00e1rios do SUS. O tema da 16\u00aa foi \u201cDemocracia e Sa\u00fade\u201d, al\u00e9m disso, a confer\u00eancia teve tr\u00eas eixos: sa\u00fade como direito, consolida\u00e7\u00e3o dos princ\u00edpios e financiamento do SUS.<\/p>\n<a class=\"timeline-express-read-more-link\" href=\"https:\/\/sindenfermeiro.com.br\/index.php\/announcement\/ato-nacional-em-defesa-do-sus\/\"> Read more<\/a>\t\t<\/div>\n\t\t<!-- End Announcement Excerpt -->\n\n\t\t\n\t<\/div>\n\t<!-- End Timeline Content -->\n\n<\/div>\n<!-- End Timeline Block -->\n\n<div class=\"cd-timeline-block setembro 26 2019 announcement-no-image announcement-40520\">\n\n\t\n\t\t<a class=\"cd-timeline-icon-link\" href=\"https:\/\/sindenfermeiro.com.br\/index.php\/announcement\/acordo-coletivo-igesdf\/\">\n\n\t\t\t\n\t\t<div class=\"cd-timeline-img cd-picture\" style=\"background:#75CE66;\">\n\n\t\t\t<!-- Custom Action Hook -->\n\t\t\t\n\t\t\t\t<!-- Standard Font Awesome Icon -->\n\t\t\t\t<span class=\"fa fa-check\" title=\"Acordo Coletivo IGESDF\"><\/span>\n\n\t\t\t\n\t\t<\/div> <!-- cd-timeline-img -->\n\n\t\n\t\t<\/a>\n\n\t\t\n\t<!-- Timeline Content -->\n\t<div class=\"cd-timeline-content\">\n\n\t\t\n\t\t<!-- Announcement Title -->\n\t\t<div class=\"cd-timeline-title-container\">\n\n\t\t\t\n\t\t\t<h2 class=\"cd-timeline-item-title\">\n\t\t\t\tAcordo Coletivo IGESDF\t\t\t<\/h2>\n\n\t\t\t\t\t\t\t<p class=\"timeline-date\">\n\t\t\t\t\t26\/09\/2019\t\t\t\t<\/p>\n\t\t\t\t\t\t<\/div>\n\t\t<!-- End Announcement Title -->\n\n\t\t\n\t\t<!-- Announcement Excerpt -->\n\t\t<div class=\"the-excerpt\">\n\t\t\t<p>Mesmo tendo se colocado em posi\u00e7\u00e3o contr\u00e1ria \u00e0 cria\u00e7\u00e3o do IGESDF, o sindicato negociou com a dire\u00e7\u00e3o do instituto o Acordo Coletivo de Trabalho dos enfermeiros que trabalham na institui\u00e7\u00e3o.<\/p>\n<a class=\"timeline-express-read-more-link\" href=\"https:\/\/sindenfermeiro.com.br\/index.php\/announcement\/acordo-coletivo-igesdf\/\"> Read more<\/a>\t\t<\/div>\n\t\t<!-- End Announcement Excerpt -->\n\n\t\t\n\t<\/div>\n\t<!-- End Timeline Content -->\n\n<\/div>\n<!-- End Timeline Block -->\n\n<div class=\"cd-timeline-block dezembro 09 2019 announcement-no-image announcement-40521\">\n\n\t\n\t\t<a class=\"cd-timeline-icon-link\" href=\"https:\/\/sindenfermeiro.com.br\/index.php\/announcement\/forca-tarefa-da-saude\/\">\n\n\t\t\t\n\t\t<div class=\"cd-timeline-img cd-picture\" style=\"background:#75CE66;\">\n\n\t\t\t<!-- Custom Action Hook -->\n\t\t\t\n\t\t\t\t<!-- Standard Font Awesome Icon -->\n\t\t\t\t<span class=\"fa fa-check\" title=\"For\u00e7a Tarefa da Sa\u00fade\"><\/span>\n\n\t\t\t\n\t\t<\/div> <!-- cd-timeline-img -->\n\n\t\n\t\t<\/a>\n\n\t\t\n\t<!-- Timeline Content -->\n\t<div class=\"cd-timeline-content\">\n\n\t\t\n\t\t<!-- Announcement Title -->\n\t\t<div class=\"cd-timeline-title-container\">\n\n\t\t\t\n\t\t\t<h2 class=\"cd-timeline-item-title\">\n\t\t\t\tFor\u00e7a Tarefa da Sa\u00fade\t\t\t<\/h2>\n\n\t\t\t\t\t\t\t<p class=\"timeline-date\">\n\t\t\t\t\t09\/12\/2019\t\t\t\t<\/p>\n\t\t\t\t\t\t<\/div>\n\t\t<!-- End Announcement Title -->\n\n\t\t\n\t\t<!-- Announcement Excerpt -->\n\t\t<div class=\"the-excerpt\">\n\t\t\t<p>Com a inten\u00e7\u00e3o de fiscalizar as condi\u00e7\u00f5es de trabalho dos profissionais da enfermagem e da sa\u00fade, o SindEnfermeiro, COREN-DF, Minist\u00e9rio P\u00fablico, OAB-DF e outras entidades representativas dos trabalhadores da sa\u00fade criam um grupo de trabalho para verificar tamb\u00e9m o abastecimento de insumos, medicamentos e for\u00e7a de trabalho, al\u00e9m do n\u00famero de leitos, condi\u00e7\u00f5es estruturais e de atendimento \u00e0 popula\u00e7\u00e3o.<\/p>\n<a class=\"timeline-express-read-more-link\" href=\"https:\/\/sindenfermeiro.com.br\/index.php\/announcement\/forca-tarefa-da-saude\/\"> Read more<\/a>\t\t<\/div>\n\t\t<!-- End Announcement Excerpt -->\n\n\t\t\n\t<\/div>\n\t<!-- End Timeline Content -->\n\n<\/div>\n<!-- End Timeline Block -->\n\n\t\t\t<\/section>\n\n\t\t\t<!-- Timeline Express Free v1.8.1 | Site: https:\/\/www.wp-timelineexpress.com | Author: CodeParrots - http:\/\/www.codeparrots.com --><\/div>\n<div><\/div>\n<div>\n<h3 class=\"text-center title-news\"><\/h3>\n<p>&nbsp;<\/p>\n<\/div>\n<\/div>\n<\/div>\n<\/div>\n<\/div>\n<\/div>\n<\/div>\n<\/div>\n<\/div>\n","protected":false},"excerpt":{"rendered":"<p>HIST\u00d3RIA &nbsp;<\/p>\n","protected":false},"author":6,"featured_media":0,"parent":0,"menu_order":0,"comment_status":"closed","ping_status":"closed","template":"","meta":{"footnotes":""},"class_list":["post-52","page","type-page","status-publish","hentry"],"_links":{"self":[{"href":"https:\/\/sindenfermeiro.com.br\/index.php\/wp-json\/wp\/v2\/pages\/52","targetHints":{"allow":["GET"]}}],"collection":[{"href":"https:\/\/sindenfermeiro.com.br\/index.php\/wp-json\/wp\/v2\/pages"}],"about":[{"href":"https:\/\/sindenfermeiro.com.br\/index.php\/wp-json\/wp\/v2\/types\/page"}],"author":[{"embeddable":true,"href":"https:\/\/sindenfermeiro.com.br\/index.php\/wp-json\/wp\/v2\/users\/6"}],"replies":[{"embeddable":true,"href":"https:\/\/sindenfermeiro.com.br\/index.php\/wp-json\/wp\/v2\/comments?post=52"}],"version-history":[{"count":0,"href":"https:\/\/sindenfermeiro.com.br\/index.php\/wp-json\/wp\/v2\/pages\/52\/revisions"}],"wp:attachment":[{"href":"https:\/\/sindenfermeiro.com.br\/index.php\/wp-json\/wp\/v2\/media?parent=52"}],"curies":[{"name":"wp","href":"https:\/\/api.w.org\/{rel}","templated":true}]}}