{"id":42305,"date":"2021-09-30T08:34:35","date_gmt":"2021-09-30T11:34:35","guid":{"rendered":"https:\/\/sindenfermeiro.com.br\/?page_id=42305"},"modified":"2021-10-07T10:45:27","modified_gmt":"2021-10-07T13:45:27","slug":"consenf","status":"publish","type":"page","link":"https:\/\/sindenfermeiro.com.br\/index.php\/consenf\/","title":{"rendered":"CONSENF"},"content":{"rendered":"<p><section class=\"kc-elm kc-css-938708 kc_row\"><div class=\"kc-row-container  kc-container\"><div class=\"kc-wrap-columns\"><div class=\"kc-elm kc-css-282763 kc_col-sm-12 kc_column kc_col-sm-12\"><div class=\"kc-col-container\"><div class=\"kc-elm kc-css-517258 kc_text_block\"><\/p>\n<h3 class=\"text-left title-page-intern\">CONSENF<\/h3>\n<p>\n<\/div><div data-closeall=\"true\" class=\"kc-elm kc-css-11135 kc_accordion_wrapper\">\n<div class=\"kc-elm kc-css-547358 kc_accordion_section group \"><h3 class=\"kc_accordion_header ui-accordion-header\"><span class=\"ui-accordion-header-icon ui-icon\"><\/span><a href=\"#grupo-de-trabalho-enfermagem-e-opressoes\" data-prevent=\"scroll\"><i class=\"\"><\/i> Grupo de Trabalho - Enfermagem e opress\u00f5es<\/a><\/h3><div class=\"kc_accordion_content ui-accordion-content kc_clearfix\"><div class=\"kc-panel-body\"><div class=\"kc-elm kc-css-354794 kc_text_block\"><\/p>\n<p style=\"text-align: left; color: #666;\"><strong>Discuss\u00e3o:<\/strong><\/p>\n<p style=\"text-align: left;\">Hist\u00f3ria da enfermagem<\/p>\n<p style=\"text-align: left;\">Opress\u00f5es na enfermagem relacionadas a g\u00eanero, classe e etnia.<\/p>\n<p>\n<\/div>\n<div class=\"kc-elm kc-css-296551 divider_line\">\n\t<div class=\"divider_inner divider_line1\">\n\t\t\t<\/div>\n<\/div>\n<div class=\"kc-elm kc-css-586897 kc_text_block\"><\/p>\n<p style=\"text-align: left; color: #666;\"><strong>Encaminhamentos:<\/strong><\/p>\n<p style=\"text-align: left;\"><strong>Solicitar parecer do jur\u00eddico sobre:<\/strong><\/p>\n<p style=\"text-align: left;\">Tipos de crimes no ambiente de trabalho (ass\u00e9dio moral\/sexual), onde e como denunciar (independente da institui\u00e7\u00e3o) e poss\u00edveis puni\u00e7\u00f5es aos assediadores (sejam profissionais, gestores ou pacientes).<\/p>\n<p style=\"text-align: left;\">Criar e publicar fluxo de atendimento para v\u00edtimas no SindEnfermeiro.<\/p>\n<p style=\"text-align: left;\"><strong>Promover campanha de orienta\u00e7\u00e3o:<\/strong><\/p>\n<p style=\"text-align: left;\">Sobre os tipos de viol\u00eancia, como denunciar (fluxo de atendimento) e poss\u00edveis puni\u00e7\u00f5es aos agressores (civil, criminal, administrativo).<\/p>\n<p style=\"text-align: left;\">\u00a0 (a) Cards na m\u00eddia social;<\/p>\n<p style=\"text-align: left;\">\u00a0 (b) Estimular que a FUEnf tamb\u00e9m publique;<\/p>\n<p style=\"text-align: left;\">\u00a0 (c) Usar cards em datas comemorativas\/de luta;<\/p>\n<p style=\"text-align: left;\">\u00a0 (d) Organizar semin\u00e1rio online de combate \u00e0 viol\u00eancia;<\/p>\n<p style=\"text-align: left;\">\u00a0 (e) Organizar livreto (ou edi\u00e7\u00e3o especial da revista) e tipos de viol\u00eancia e com as orienta\u00e7\u00f5es<\/p>\n<p style=\"text-align: left;\">Diagn\u00f3stico de fluxo de prote\u00e7\u00e3o do profissional e combate ao ass\u00e9dio das institui\u00e7\u00f5es de sa\u00fade e de ensino;<\/p>\n<p style=\"text-align: left;\">Carta contextualizando a import\u00e2ncia do combate \u00e0 viol\u00eancia e discrimina\u00e7\u00e3o na sa\u00fade e solicitando informa\u00e7\u00f5es de como aquela institui\u00e7\u00e3o protege o profissional ou estudante de enfermagem.<\/p>\n<p style=\"text-align: left; color: #43a541;\"><strong><em>Ap\u00f3s an\u00e1lise das informa\u00e7\u00f5es, cobrar melhorias e incluir MPT.<\/em><\/strong><\/p>\n<p style=\"text-align: left;\"><strong>Incluir estudantes para realiza\u00e7\u00e3o dos encaminhamentos sugeridos:<br \/><\/strong> <br \/>Enviar carta-convite aos CA\u2019s. Sugerir realizar como atividades de extens\u00e3o que ter\u00e3o como produtos finais os encaminhamentos anteriores.<\/p>\n<p>\n<\/div><\/div><\/div><\/div><div class=\"kc-elm kc-css-357496 kc_accordion_section group \"><h3 class=\"kc_accordion_header ui-accordion-header\"><span class=\"ui-accordion-header-icon ui-icon\"><\/span><a href=\"#grupo-de-trabalho-lutas-da-enfermagem-e-rede-privada\" data-prevent=\"scroll\"><i class=\"\"><\/i> Grupo de Trabalho - Lutas da Enfermagem e Rede Privada<\/a><\/h3><div class=\"kc_accordion_content ui-accordion-content kc_clearfix\"><div class=\"kc-panel-body\"><div class=\"kc-elm kc-css-173372 kc_text_block\"><\/p>\n<p><strong>Convidados:<\/strong> <\/p>\n<p>ABEN, COREN, SINDICATOS, MEC, CNS, CLDF<\/p>\n<p><strong>P\u00fablico:<\/strong><\/p>\n<p>Profissionais Enfermeiros, t\u00e9cnicos de Enfermagem, Auxiliares de Enfermagem<br \/><strong><br \/>Discuss\u00e3o:<\/strong><\/p>\n<p>Exame de Profici\u00eancia para o Curso de Enfermagem: por qu\u00ea?<\/p>\n<p>\n<\/div>\n<div class=\"kc-elm kc-css-945072 divider_line\">\n\t<div class=\"divider_inner divider_line1\">\n\t\t\t<\/div>\n<\/div>\n<div class=\"kc-elm kc-css-262562 kc_text_block\"><\/p>\n<p><strong>Justificativa:<\/strong> <\/p>\n<p>No campo da Enfermagem, encontra-se em tramita\u00e7\u00e3o na C\u00e2mara dos Deputados em Bras\u00edlia, o Projeto de Lei (PL) n\u00ba 4930\/ 2016(6). Esse Projeto altera a Lei do Exerc\u00edcio Profissional da Enfermagem, regulamentado sob n\u00ba 7.498, de 25 de junho de 1986(7), para nela incluir a obrigatoriedade da realiza\u00e7\u00e3o de exame de sufici\u00eancia para obten\u00e7\u00e3o de registro profissional junto aos Conselhos Regionais de Enfermagem (COREn). Tal projeto tramita em regime ordin\u00e1rio e sua \u00faltima movimenta\u00e7\u00e3o foi em 30 de outubro de 2017, na Comiss\u00e3o de Trabalho, de Administra\u00e7\u00e3o e Servi\u00e7o P\u00fablico (CTASP), recebendo parecer favor\u00e1vel da relatoria. Entre os fundamentos do PL n\u00ba 4930\/ 2016, destaca-se o uso de dados da pesquisa Perfil da Enfermagem no Brasil(8), divulgada pelo Conselho Federal de Enfermagem (COFEn), na qual apresenta-se que cursos de gradua\u00e7\u00e3o em Enfermagem, na modalidade de ensino a dist\u00e2ncia, implementam somente 7,79% da carga hor\u00e1ria em atividades pr\u00e1ticas, descumprindo o estabelecido nas Diretrizes Curriculares Nacionais (DCN) para os cursos de Gradua\u00e7\u00e3o em Enfermagem, de 2001(9). O exame de sufici\u00eancia \u00e9 parte do sistema de avalia\u00e7\u00e3o de compet\u00eancias. Os estudos dessa \u00e1rea demarcam tr\u00eas campos desta avalia\u00e7\u00e3o: avalia\u00e7\u00e3o para registro ou licen\u00e7a (do exerc\u00edcio ou da pr\u00e1tica profissional), avalia\u00e7\u00e3o para certifica\u00e7\u00e3o e avalia\u00e7\u00e3o para acredita\u00e7\u00e3o (10-12).<\/p>\n<p>\n<\/div>\n<div class=\"kc-elm kc-css-23279 divider_line\">\n\t<div class=\"divider_inner divider_line1\">\n\t\t\t<\/div>\n<\/div>\n<div class=\"kc-elm kc-css-193498 kc_text_block\"><\/p>\n<p><strong>Encaminhamentos:<\/strong><\/p>\n<p>As Diretrizes curriculares do Curso de Enfermagem, seus desafios na forma\u00e7\u00e3o profissional nos dias atuais e suas consequ\u00eancias pol\u00edticas;<\/p>\n<p>A forma\u00e7\u00e3o Pol\u00edtica e Sindical da Enfermagem durante a forma\u00e7\u00e3o profissional. Como construir esse saber juntos?<\/p>\n<p>Como inserir a discuss\u00e3o sobre a import\u00e2ncia da Pol\u00edtica para os profissionais da Enfermagem da rede privada?<\/p>\n<p>A Enfermagem e os espa\u00e7os de poder: em busca da representatividade.<\/p>\n<p>\n<\/div><\/div><\/div><\/div><div class=\"kc-elm kc-css-721538 kc_accordion_section group \"><h3 class=\"kc_accordion_header ui-accordion-header\"><span class=\"ui-accordion-header-icon ui-icon\"><\/span><a href=\"#grupo-de-trabalho-sus\" data-prevent=\"scroll\"><i class=\"\"><\/i> Grupo de Trabalho - SUS<\/a><\/h3><div class=\"kc_accordion_content ui-accordion-content kc_clearfix\"><div class=\"kc-panel-body\"><div class=\"kc-elm kc-css-552093 kc_text_block\"><\/p>\n<p><strong>Encaminhamentos<\/strong><\/p>\n<p>Mobilizar a categoria contra as:\u00a0<\/p>\n<p>Mudan\u00e7as na aten\u00e7\u00e3o prim\u00e1ria \u00e0 sa\u00fade: carteira de servi\u00e7os, previne Brasil e ADAPS.<\/p>\n<p>Privatiza\u00e7\u00f5es e terceiriza\u00e7\u00f5es na sa\u00fade, com \u00eanfase no Distrito Federal no tocante ao IGES DF e aos hospitais de campanha;\u00a0<\/p>\n<p>Construir um f\u00f3rum permanente de discuss\u00e3o sobre a Enfermagem na aten\u00e7\u00e3o prim\u00e1ria em sa\u00fade, considerando a import\u00e2ncia desse n\u00edvel de aten\u00e7\u00e3o para as a\u00e7\u00f5es de vigil\u00e2ncia (em sa\u00fade, epidemiol\u00f3gica, em sa\u00fade do trabalhador, etc.);<\/p>\n<p>Posicionar-se a favor da revoga\u00e7\u00e3o da emenda constitucional 95;\u00a0<\/p>\n<p>Lan\u00e7ar campanha de conscientiza\u00e7\u00e3o sobre a PEC 32 &#8211; Reforma Administrativa, posicionando-se contr\u00e1rio \u00e0 reforma e dialogando com categoria e popula\u00e7\u00e3o sobre os preju\u00edzos da proposta para a enfermagem, para a concretiza\u00e7\u00e3o do direito \u00e0 sa\u00fade e para o acesso \u00e0s demais pol\u00edticas sociais;\u00a0<\/p>\n<p>Participa\u00e7\u00e3o do SindEnfermeiro DF dos espa\u00e7os de delibera\u00e7\u00e3o e a\u00e7\u00e3o em defesa do SUS;<\/p>\n<p>Exigir a volta da mesa permanente de negocia\u00e7\u00e3o do SUS no DF;<\/p>\n<p>Defender incondicionalmente o SUS como modelo de sa\u00fade universal, integral e gratuito para toda a popula\u00e7\u00e3o Brasileira<\/p>\n<p>\n<\/div><\/div><\/div><\/div><div class=\"kc-elm kc-css-370260 kc_accordion_section group \"><h3 class=\"kc_accordion_header ui-accordion-header\"><span class=\"ui-accordion-header-icon ui-icon\"><\/span><a href=\"#grupo-de-trabalho-saude-do-trabalhador\" data-prevent=\"scroll\"><i class=\"\"><\/i> Grupo de Trabalho - Sa\u00fade do Trabalhador<\/a><\/h3><div class=\"kc_accordion_content ui-accordion-content kc_clearfix\"><div class=\"kc-panel-body\"><div class=\"kc-elm kc-css-723670 kc_text_block\"><\/p>\n<p><strong>Encaminhamentos:<\/strong><\/p>\n<\/p>\n<p>Aprimorar canais de den\u00fancia que priorize o sigilo do denunciante;<\/p>\n<\/p>\n<p>Participa\u00e7\u00e3o efetiva na CIST;<\/p>\n<\/p>\n<p>Cria\u00e7\u00e3o de grupo de apoio aos Enfermeiros acometidos de transtornos mentais decorrentes do trabalho;<\/p>\n<\/p>\n<p>Parceria junto a Sub sa\u00fade para promover\/desenvolver Programa de Preven\u00e7\u00e3o de transtornos mentais relacionados ao trabalho;<\/p>\n<\/p>\n<p>Desenvolver estudos sobre sa\u00fade mental e o adoecimento no \u00e2mbito do trabalho do Enfermeiro;<\/p>\n<\/p>\n<p>Realizar a notifica\u00e7\u00e3o dos agravos relacionados ao trabalho.<\/p>\n<\/p>\n<p>\n<\/div><\/div><\/div><\/div><\/div>\n<div class=\"kc-elm kc-css-8857 kc_text_block\"><\/p>\n<h3 class=\"text-left title-page-intern\">TRABALHOS CIENT\u00cdFICOS<\/h3>\n<p>\n<\/div><\/div><\/div><\/div><\/div><\/section><section class=\"kc-elm kc-css-199900 kc_row\"><div class=\"kc-row-container  kc-container\"><div class=\"kc-wrap-columns\"><div class=\"kc-elm kc-css-114409 kc_col-sm-4 kc_column kc_col-sm-4\"><div class=\"box-jobs kc-col-container\"><div class=\"kc-elm kc-css-946776 kc_text_block\"><\/p>\n<p style=\"color: #43a541;\">Do protagonismo \u00e0 valoriza\u00e7\u00e3o: os desafios da enfermagem na pandemia<\/p>\n<p>\n<\/div><div class=\"kc-elm kc-css-920902\" style=\"height: 20px; clear: both; width:100%;\"><\/div><div class=\"kc-elm kc-css-492216 kc_shortcode kc_single_image\">\n\n        <img decoding=\"async\" src=\"https:\/\/sindenfermeiro.com.br\/wp-content\/uploads\/2021\/09\/01.jpg\" class=\"\" alt=\"\" \/>    <\/div>\n<div class=\"kc-elm kc-css-692688\" style=\"height: 20px; clear: both; width:100%;\"><\/div>\n<div class=\"kc-elm kc-css-191673\">\n\t<a class=\"kc_button\" href=\"https:\/\/sindenfermeiro.com.br\/wp-content\/uploads\/2021\/10\/Poster-Yara-Ravacci-Consenf.pptx\" target=\"_blank\" title=\"\" onclick=\"\">\n\t\t<i class=\"fa-file-pdf\"><\/i> Download\t<\/a>\n<\/div>\n<div class=\"kc-elm kc-css-830065\" style=\"height: 20px; clear: both; width:100%;\"><\/div><\/div><\/div><div class=\"kc-elm kc-css-283427 kc_col-sm-4 kc_column kc_col-sm-4\"><div class=\"box-jobs kc-col-container\"><div class=\"kc-elm kc-css-476326 kc_text_block\"><\/p>\n<p style=\"color: #43a541;\">Perfil sociodemogr\u00e1fico e condi\u00e7\u00f5es de sa\u00fade autorreferidas por enfermeiros idosos<\/p>\n<p>\n<\/div><div class=\"kc-elm kc-css-584453\" style=\"height: 20px; clear: both; width:100%;\"><\/div><div class=\"kc-elm kc-css-250715 kc_shortcode kc_single_image\">\n\n        <img decoding=\"async\" src=\"https:\/\/sindenfermeiro.com.br\/wp-content\/uploads\/2021\/09\/02.jpg\" class=\"\" alt=\"\" \/>    <\/div>\n<div class=\"kc-elm kc-css-542924\" style=\"height: 20px; clear: both; width:100%;\"><\/div>\n<div class=\"kc-elm kc-css-490524\">\n\t<a class=\"kc_button\" href=\"https:\/\/sindenfermeiro.com.br\/wp-content\/uploads\/2021\/10\/PERFIL-SOCIODEMOGRAFICO-E-CONDICOES-DE-SAUDE-AUTORREFERIDAS-POR-ENFERMEIROS-IDOSOS-SINDICATO.pptx\" target=\"_blank\" title=\"\" onclick=\"\">\n\t\t<i class=\"fa-file-pdf\"><\/i> Download\t<\/a>\n<\/div>\n<div class=\"kc-elm kc-css-827360\" style=\"height: 20px; clear: both; width:100%;\"><\/div><\/div><\/div><div class=\"kc-elm kc-css-262863 kc_col-sm-4 kc_column kc_col-sm-4\"><div class=\"box-jobs kc-col-container\"><div class=\"kc-elm kc-css-857335 kc_text_block\"><\/p>\n<p style=\"color: #43a541;\">Enfermagem no acolhimento da mulher v\u00edtima de viol\u00eancia dom\u00e9stica<\/p>\n<p>\n<\/div><div class=\"kc-elm kc-css-48808\" style=\"height: 20px; clear: both; width:100%;\"><\/div><div class=\"kc-elm kc-css-857956 kc_shortcode kc_single_image\">\n\n        <img decoding=\"async\" src=\"https:\/\/sindenfermeiro.com.br\/wp-content\/uploads\/2021\/09\/03.png\" class=\"\" alt=\"\" \/>    <\/div>\n<div class=\"kc-elm kc-css-44650\" style=\"height: 20px; clear: both; width:100%;\"><\/div>\n<div class=\"kc-elm kc-css-884705\">\n\t<a class=\"kc_button\" href=\"https:\/\/sindenfermeiro.com.br\/wp-content\/uploads\/2021\/10\/Acolhimento_da_Mulher_Vitima_de_Violencia_Domestica.pdf\" target=\"_blank\" title=\"\" onclick=\"\">\n\t\t<i class=\"fa-file-pdf\"><\/i> Download\t<\/a>\n<\/div>\n<div class=\"kc-elm kc-css-678675\" style=\"height: 20px; clear: both; width:100%;\"><\/div><\/div><\/div><\/div><\/div><\/section><section class=\"kc-elm kc-css-713658 kc_row\"><div class=\"kc-row-container  kc-container\"><div class=\"kc-wrap-columns\"><div class=\"kc-elm kc-css-49435 kc_col-sm-12 kc_column kc_col-sm-12\"><div class=\"kc-col-container\"><div class=\"kc-elm kc-css-509919\" style=\"height: 10px; clear: both; width:100%;\"><\/div>\n<div class=\"kc-elm kc-css-906233 divider_line\">\n\t<div class=\"divider_inner divider_line1\">\n\t\t\t<\/div>\n<\/div>\n<div class=\"kc-elm kc-css-1698\" style=\"height: 20px; clear: both; width:100%;\"><\/div><\/div><\/div><\/div><\/div><\/section><section class=\"kc-elm kc-css-93938 kc_row\"><div class=\"kc-row-container  kc-container\"><div class=\"kc-wrap-columns\"><div class=\"kc-elm kc-css-830111 kc_col-sm-4 kc_column kc_col-sm-4\"><div class=\"box-jobs kc-col-container\"><div class=\"kc-elm kc-css-188501 kc_text_block\"><\/p>\n<p style=\"color: #43a541;\">Reivindica\u00e7\u00f5es dos profissionais de Enfermagem expressas nas m\u00eddias<\/p>\n<p>\n<\/div><div class=\"kc-elm kc-css-136704\" style=\"height: 20px; clear: both; width:100%;\"><\/div><div class=\"kc-elm kc-css-431941 kc_shortcode kc_single_image\">\n\n        <img decoding=\"async\" src=\"https:\/\/sindenfermeiro.com.br\/wp-content\/uploads\/2021\/10\/04.png\" class=\"\" alt=\"\" \/>    <\/div>\n<div class=\"kc-elm kc-css-940433\" style=\"height: 20px; clear: both; width:100%;\"><\/div>\n<div class=\"kc-elm kc-css-925517\">\n\t<a class=\"kc_button\" href=\"#\" onclick=\"\">\n\t\t<i class=\"fa-file-pdf\"><\/i> Download\t<\/a>\n<\/div>\n<div class=\"kc-elm kc-css-2096\" style=\"height: 20px; clear: both; width:100%;\"><\/div><\/div><\/div><div class=\"kc-elm kc-css-432450 kc_col-sm-4 kc_column kc_col-sm-4\"><div class=\"box-jobs kc-col-container\"><div class=\"kc-elm kc-css-715591 kc_text_block\"><\/p>\n<p style=\"color: #43a541;\">Indicadores de morbidade pela Covid-19 no Estado da Bahia<\/p>\n<p>\n<\/div><div class=\"kc-elm kc-css-275430\" style=\"height: 20px; clear: both; width:100%;\"><\/div><div class=\"kc-elm kc-css-301734 kc_shortcode kc_single_image\">\n\n        <img decoding=\"async\" src=\"https:\/\/sindenfermeiro.com.br\/wp-content\/uploads\/2021\/10\/05.png\" class=\"\" alt=\"\" \/>    <\/div>\n<div class=\"kc-elm kc-css-745021\" style=\"height: 20px; clear: both; width:100%;\"><\/div>\n<div class=\"kc-elm kc-css-491105\">\n\t<a class=\"kc_button\" href=\"https:\/\/sindenfermeiro.com.br\/wp-content\/uploads\/2021\/10\/Indicadores-de-morbidade-pela-Covid-19-no-Estado-da-Bahia.pptx\" target=\"_blank\" title=\"\" onclick=\"\">\n\t\t<i class=\"fa-file-pdf\"><\/i> Download\t<\/a>\n<\/div>\n<div class=\"kc-elm kc-css-425415\" style=\"height: 20px; clear: both; width:100%;\"><\/div><\/div><\/div><div class=\"kc-elm kc-css-236876 kc_col-sm-4 kc_column kc_col-sm-4\"><div class=\"box-jobs kc-col-container\"><div class=\"kc-elm kc-css-894301 kc_text_block\"><\/p>\n<p style=\"color: #43a541;\">Perfil sociodemogr\u00e1fico e condi\u00e7\u00f5es de sa\u00fade autorreferidas por enfermeiros idosos<\/p>\n<p>\n<\/div><div class=\"kc-elm kc-css-154704\" style=\"height: 20px; clear: both; width:100%;\"><\/div><div class=\"kc-elm kc-css-73101 kc_shortcode kc_single_image\">\n\n        <img decoding=\"async\" src=\"https:\/\/sindenfermeiro.com.br\/wp-content\/uploads\/2021\/10\/06.png\" class=\"\" alt=\"\" \/>    <\/div>\n<div class=\"kc-elm kc-css-798562\" style=\"height: 20px; clear: both; width:100%;\"><\/div>\n<div class=\"kc-elm kc-css-785026\">\n\t<a class=\"kc_button\" href=\" https:\/\/sindenfermeiro.com.br\/wp-content\/uploads\/2021\/10\/Perfil-Sociodemografico-e-condicoes-de-saude-autorreferidas-por-enfermeiros-idosos.pptx\" target=\"_blank\" title=\"\" onclick=\"\">\n\t\t<i class=\"fa-file-pdf\"><\/i> Download\t<\/a>\n<\/div>\n<div class=\"kc-elm kc-css-150953\" style=\"height: 20px; clear: both; width:100%;\"><\/div><\/div><\/div><\/div><\/div><\/section><section class=\"kc-elm kc-css-332160 kc_row\"><div class=\"kc-row-container  kc-container\"><div class=\"kc-wrap-columns\"><div class=\"kc-elm kc-css-192028 kc_col-sm-12 kc_column kc_col-sm-12\"><div class=\"kc-col-container\"><div class=\"kc-elm kc-css-564530\" style=\"height: 10px; clear: both; width:100%;\"><\/div>\n<div class=\"kc-elm kc-css-79778 divider_line\">\n\t<div class=\"divider_inner divider_line1\">\n\t\t\t<\/div>\n<\/div>\n<div class=\"kc-elm kc-css-314372\" style=\"height: 20px; clear: both; width:100%;\"><\/div><\/div><\/div><\/div><\/div><\/section><section class=\"kc-elm kc-css-965443 kc_row\"><div class=\"kc-row-container  kc-container\"><div class=\"kc-wrap-columns\"><div class=\"kc-elm kc-css-374640 kc_col-sm-4 kc_column kc_col-sm-4\"><div class=\"box-jobs kc-col-container\"><div class=\"kc-elm kc-css-988706 kc_text_block\"><\/p>\n<p style=\"color: #43a541;\">A pandemia de Covid 19 e os Cuidados Paliativos<\/p>\n<p>\n<\/div><div class=\"kc-elm kc-css-966957\" style=\"height: 20px; clear: both; width:100%;\"><\/div><div class=\"kc-elm kc-css-236506 kc_shortcode kc_single_image\">\n\n        <img decoding=\"async\" src=\"https:\/\/sindenfermeiro.com.br\/wp-content\/uploads\/2021\/10\/07.png\" class=\"\" alt=\"\" \/>    <\/div>\n<div class=\"kc-elm kc-css-430930\" style=\"height: 20px; clear: both; width:100%;\"><\/div>\n<div class=\"kc-elm kc-css-193102\">\n\t<a class=\"kc_button\" href=\"https:\/\/sindenfermeiro.com.br\/wp-content\/uploads\/2021\/10\/A-pandemia-de-Covid-19-e-os-Cuidados-Paliativos.pptx\" target=\"_blank\" title=\"\" onclick=\"\">\n\t\t<i class=\"fa-file-pdf\"><\/i> Download\t<\/a>\n<\/div>\n<div class=\"kc-elm kc-css-605325\" style=\"height: 20px; clear: both; width:100%;\"><\/div><\/div><\/div><div class=\"kc-elm kc-css-823 kc_col-sm-4 kc_column kc_col-sm-4\"><div class=\"box-jobs kc-col-container\"><div class=\"kc-elm kc-css-302553 kc_text_block\"><\/p>\n<p style=\"color: #43a541;\">Lydia Hall e seu pensamento acerca da enfermagem<\/p>\n<p>\n<\/div><div class=\"kc-elm kc-css-744014\" style=\"height: 20px; clear: both; width:100%;\"><\/div><div class=\"kc-elm kc-css-160337 kc_shortcode kc_single_image\">\n\n        <img decoding=\"async\" src=\"https:\/\/sindenfermeiro.com.br\/wp-content\/uploads\/2021\/10\/08.png\" class=\"\" alt=\"\" \/>    <\/div>\n<div class=\"kc-elm kc-css-832776\" style=\"height: 20px; clear: both; width:100%;\"><\/div>\n<div class=\"kc-elm kc-css-204433\">\n\t<a class=\"kc_button\" href=\"https:\/\/sindenfermeiro.com.br\/wp-content\/uploads\/2021\/10\/LYDIA-HALL-E-SEU-PENSAMENTO-ACERCA-DA-ENFERMAGEM.pdf\" target=\"_blank\" title=\"\" onclick=\"\">\n\t\t<i class=\"fa-file-pdf\"><\/i> Download\t<\/a>\n<\/div>\n<div class=\"kc-elm kc-css-384698\" style=\"height: 20px; clear: both; width:100%;\"><\/div><\/div><\/div><div class=\"kc-elm kc-css-643487 kc_col-sm-4 kc_column kc_col-sm-4\"><div class=\"box-jobs kc-col-container\"><div class=\"kc-elm kc-css-871374 kc_text_block\"><\/p>\n<p style=\"color: #43a541;\">Desafios da gesta\u0303o em sau\u0301de em tempos de pandemia<\/p>\n<p>\n<\/div><div class=\"kc-elm kc-css-776937\" style=\"height: 20px; clear: both; width:100%;\"><\/div><div class=\"kc-elm kc-css-229220 kc_shortcode kc_single_image\">\n\n        <img decoding=\"async\" src=\"https:\/\/sindenfermeiro.com.br\/wp-content\/uploads\/2021\/10\/09.png\" class=\"\" alt=\"\" \/>    <\/div>\n<div class=\"kc-elm kc-css-25425\" style=\"height: 20px; clear: both; width:100%;\"><\/div>\n<div class=\"kc-elm kc-css-295304\">\n\t<a class=\"kc_button\" href=\"https:\/\/sindenfermeiro.com.br\/wp-content\/uploads\/2021\/10\/Desafios-da-gesta\u0303o-em-sau\u0301de-em-tempos-de-pandemia.pptx\" target=\"_blank\" title=\"\" onclick=\"\">\n\t\t<i class=\"fa-file-pdf\"><\/i> Download\t<\/a>\n<\/div>\n<div class=\"kc-elm kc-css-801573\" style=\"height: 20px; clear: both; width:100%;\"><\/div><\/div><\/div><\/div><\/div><\/section><section class=\"kc-elm kc-css-427641 kc_row\"><div class=\"kc-row-container  kc-container\"><div class=\"kc-wrap-columns\"><div class=\"kc-elm kc-css-475766 kc_col-sm-12 kc_column kc_col-sm-12\"><div class=\"kc-col-container\"><div class=\"kc-elm kc-css-812320\" style=\"height: 10px; clear: both; width:100%;\"><\/div>\n<div class=\"kc-elm kc-css-458179 divider_line\">\n\t<div class=\"divider_inner divider_line1\">\n\t\t\t<\/div>\n<\/div>\n<div class=\"kc-elm kc-css-235361\" style=\"height: 20px; clear: both; width:100%;\"><\/div><\/div><\/div><\/div><\/div><\/section><section class=\"kc-elm kc-css-602705 kc_row\"><div class=\"kc-row-container  kc-container\"><div class=\"kc-wrap-columns\"><div class=\"kc-elm kc-css-262125 kc_col-sm-4 kc_column kc_col-sm-4\"><div class=\"box-jobs kc-col-container\"><div class=\"kc-elm kc-css-559441 kc_text_block\"><\/p>\n<p style=\"color: #43a541;\">Eixos norteados frente \u00e0 recomenda\u00e7\u00f5es elaborados pela equipe da A\u00e7\u00e3o Conjunta<\/p>\n<p>\n<\/div><div class=\"kc-elm kc-css-947469\" style=\"height: 20px; clear: both; width:100%;\"><\/div><div class=\"kc-elm kc-css-322912 kc_shortcode kc_single_image\">\n\n        <img decoding=\"async\" src=\"https:\/\/sindenfermeiro.com.br\/wp-content\/uploads\/2021\/10\/10.png\" class=\"\" alt=\"\" \/>    <\/div>\n<div class=\"kc-elm kc-css-6754\" style=\"height: 20px; clear: both; width:100%;\"><\/div>\n<div class=\"kc-elm kc-css-229332\">\n\t<a class=\"kc_button\" href=\"https:\/\/sindenfermeiro.com.br\/wp-content\/uploads\/2021\/10\/Eixos_norteados.pdf\" target=\"_blank\" title=\"\" onclick=\"\">\n\t\t<i class=\"fa-file-pdf\"><\/i> Download\t<\/a>\n<\/div>\n<div class=\"kc-elm kc-css-212901\" style=\"height: 20px; clear: both; width:100%;\"><\/div><\/div><\/div><div class=\"kc-elm kc-css-843540 kc_col-sm-4 kc_column kc_col-sm-4\"><div class=\"box-jobs kc-col-container\"><div class=\"kc-elm kc-css-438696 kc_text_block\"><\/p>\n<p style=\"color: #43a541;\">A Religiosidade nos estigmas sociais frente \u00e0 homoafetividade<\/p>\n<p>\n<\/div><div class=\"kc-elm kc-css-45152\" style=\"height: 20px; clear: both; width:100%;\"><\/div><div class=\"kc-elm kc-css-336409 kc_shortcode kc_single_image\">\n\n        <img decoding=\"async\" src=\"https:\/\/sindenfermeiro.com.br\/wp-content\/uploads\/2021\/10\/11.png\" class=\"\" alt=\"\" \/>    <\/div>\n<div class=\"kc-elm kc-css-192301\" style=\"height: 20px; clear: both; width:100%;\"><\/div>\n<div class=\"kc-elm kc-css-160643\">\n\t<a class=\"kc_button\" href=\"https:\/\/sindenfermeiro.com.br\/wp-content\/uploads\/2021\/10\/A-Religiosidade-nos-estigmas-sociais-frente-a-homoafetividade.pptx\" target=\"_blank\" title=\"\" onclick=\"\">\n\t\t<i class=\"fa-file-pdf\"><\/i> Download\t<\/a>\n<\/div>\n<div class=\"kc-elm kc-css-712421\" style=\"height: 20px; clear: both; width:100%;\"><\/div><\/div><\/div><div class=\"kc-elm kc-css-14467 kc_col-sm-4 kc_column kc_col-sm-4\"><div class=\"kc-col-container\"><\/div><\/div><\/div><\/div><\/section><section class=\"kc-elm kc-css-530836 kc_row\"><div class=\"kc-row-container  kc-container\"><div class=\"kc-wrap-columns\"><div class=\"kc-elm kc-css-782604 kc_col-sm-12 kc_column kc_col-sm-12\"><div class=\"kc-col-container\"><div class=\"kc-elm kc-css-910104\" style=\"height: 10px; clear: both; width:100%;\"><\/div>\n<div class=\"kc-elm kc-css-758504 divider_line\">\n\t<div class=\"divider_inner divider_line1\">\n\t\t\t<\/div>\n<\/div>\n<div class=\"kc-elm kc-css-892633\" style=\"height: 20px; clear: both; width:100%;\"><\/div><\/div><\/div><\/div><\/div><\/section><\/p>\n","protected":false},"excerpt":{"rendered":"","protected":false},"author":6,"featured_media":0,"parent":0,"menu_order":0,"comment_status":"closed","ping_status":"closed","template":"","meta":{"footnotes":""},"class_list":["post-42305","page","type-page","status-publish","hentry"],"_links":{"self":[{"href":"https:\/\/sindenfermeiro.com.br\/index.php\/wp-json\/wp\/v2\/pages\/42305","targetHints":{"allow":["GET"]}}],"collection":[{"href":"https:\/\/sindenfermeiro.com.br\/index.php\/wp-json\/wp\/v2\/pages"}],"about":[{"href":"https:\/\/sindenfermeiro.com.br\/index.php\/wp-json\/wp\/v2\/types\/page"}],"author":[{"embeddable":true,"href":"https:\/\/sindenfermeiro.com.br\/index.php\/wp-json\/wp\/v2\/users\/6"}],"replies":[{"embeddable":true,"href":"https:\/\/sindenfermeiro.com.br\/index.php\/wp-json\/wp\/v2\/comments?post=42305"}],"version-history":[{"count":62,"href":"https:\/\/sindenfermeiro.com.br\/index.php\/wp-json\/wp\/v2\/pages\/42305\/revisions"}],"predecessor-version":[{"id":42327,"href":"https:\/\/sindenfermeiro.com.br\/index.php\/wp-json\/wp\/v2\/pages\/42305\/revisions\/42327"}],"wp:attachment":[{"href":"https:\/\/sindenfermeiro.com.br\/index.php\/wp-json\/wp\/v2\/media?parent=42305"}],"curies":[{"name":"wp","href":"https:\/\/api.w.org\/{rel}","templated":true}]}}