{"id":20,"date":"2016-09-01T00:29:40","date_gmt":"2016-09-01T00:29:40","guid":{"rendered":"http:\/\/www.sindenfermeiro.com.br\/?page_id=20"},"modified":"2025-07-03T11:22:36","modified_gmt":"2025-07-03T14:22:36","slug":"diretoria","status":"publish","type":"page","link":"https:\/\/sindenfermeiro.com.br\/index.php\/diretoria\/","title":{"rendered":"Diretoria"},"content":{"rendered":"<p><section class=\"kc-elm kc-css-419364 kc_row\"><div class=\"kc-row-container  kc-container\"><div class=\"kc-wrap-columns\"><div class=\"kc-elm kc-css-207499 kc_col-sm-12 kc_column kc_col-sm-12\"><div class=\"kc-col-container\"><div class=\"kc-elm kc-css-123992 kc_text_block\"><\/p>\n<h3 class=\"text-left title-page-intern\">DIRETORIA<\/h3>\n<p>\n<\/div><\/div><\/div><\/div><\/div><\/section><section class=\"kc-elm kc-css-708090 kc_row\"><div class=\"kc-row-container  kc-container\"><div class=\"kc-wrap-columns\"><div class=\"kc-elm kc-css-168072 kc_col-sm-12 kc_column kc_col-sm-12\"><div class=\"kc-col-container\"><div class=\"kc-elm kc-css-233770 kc_text_block\"><\/p>\n<h1 style=\"font-size: 17px; color: #43a541; font-weight: 600; text-align: left; padding: 10px; background: #f6f9fa; margin-bottom: 30px; border-radius: 8px;\">Diretoria Executiva<\/h1>\n<p>\n<\/div><\/div><\/div><\/div><\/div><\/section><section class=\"kc-elm kc-css-249220 kc_row\"><div class=\"kc-row-container  kc-container\"><div class=\"kc-wrap-columns\"><div class=\"kc-elm kc-css-252276 kc_col-sm-4 kc_column kc_col-sm-4\"><div class=\"kc-col-container\">\n<div class=\"kc-elm kc-css-589820 kc-image-hover-effects kc-img-effects-2 slide_top\">\n\n\t<figure><img decoding=\"async\" src=\"https:\/\/sindenfermeiro.com.br\/wp-content\/uploads\/2022\/07\/Jorge-scaled.jpg\" alt=\"\"\/><\/figure><div class=\"overlay-effects\"><div class=\"content-title\">JORGE HENRIQUE DE SOUSA E SILVA FILHO<\/div><div class=\"content-desc\">Presidente em exerc\u00edcio<\/div><\/div>\n<\/div><\/div><\/div><div class=\"kc-elm kc-css-821105 kc_col-sm-4 kc_column kc_col-sm-4\"><div class=\"kc-col-container\">\n<div class=\"kc-elm kc-css-49334 kc-image-hover-effects kc-img-effects-2 slide_top\">\n\n\t<figure><img decoding=\"async\" src=\"https:\/\/sindenfermeiro.com.br\/wp-content\/uploads\/2022\/07\/Ursula-2-scaled.jpg\" alt=\"\"\/><\/figure><div class=\"overlay-effects\"><div class=\"content-title\">URSULA BATISTA DE OLIVEIRA NEPOMOCENO <\/div><div class=\"content-desc\">Diretora Administrativa <\/div><\/div>\n<\/div><\/div><\/div><div class=\"kc-elm kc-css-501526 kc_col-sm-4 kc_column kc_col-sm-4\"><div class=\"kc-col-container\">\n<div class=\"kc-elm kc-css-716214 kc-image-hover-effects kc-img-effects-2 slide_top\">\n\n\t<figure><img decoding=\"async\" src=\"https:\/\/sindenfermeiro.com.br\/wp-content\/uploads\/2022\/07\/Marcio-1.jpg\" alt=\"\"\/><\/figure><div class=\"overlay-effects\"><div class=\"content-title\">M\u00c1RCIO DA MATA SOUZA<\/div><div class=\"content-desc\">Diretor Financeiro<\/div><\/div>\n<\/div><\/div><\/div><\/div><\/div><\/section><section class=\"kc-elm kc-css-92916 kc_row\"><div class=\"kc-row-container  kc-container\"><div class=\"kc-wrap-columns\"><div class=\"kc-elm kc-css-573758 kc_col-sm-12 kc_column kc_col-sm-12\"><div class=\"kc-col-container\"><div class=\"kc-elm kc-css-217084\" style=\"height: 20px; clear: both; width:100%;\"><\/div><\/div><\/div><\/div><\/div><\/section><section class=\"kc-elm kc-css-454596 kc_row\"><div class=\"kc-row-container  kc-container\"><div class=\"kc-wrap-columns\"><div class=\"kc-elm kc-css-771936 kc_col-sm-12 kc_column kc_col-sm-12\"><div class=\"kc-col-container\"><div class=\"kc-elm kc-css-531733 kc_text_block\"><\/p>\n<h1 style=\"font-size: 17px; color: #43a541; font-weight: 600; text-align: left; padding: 10px; background: #f6f9fa; margin-bottom: 30px; border-radius: 8px;\">Diretoria de Comunica\u00e7\u00e3o e Marketing<\/h1>\n<p>\n<\/div><\/div><\/div><\/div><\/div><\/section><section class=\"kc-elm kc-css-405061 kc_row\"><div class=\"kc-row-container  kc-container\"><div class=\"kc-wrap-columns\"><div class=\"kc-elm kc-css-455681 kc_col-sm-4 kc_column kc_col-sm-4\"><div class=\"kc-col-container\">\n<div class=\"kc-elm kc-css-58124 kc-image-hover-effects kc-img-effects-2 slide_top\">\n\n\t<figure><img decoding=\"async\" src=\"https:\/\/sindenfermeiro.com.br\/wp-content\/uploads\/2022\/07\/Nayara.jpg\" alt=\"\"\/><\/figure><div class=\"overlay-effects\"><div class=\"content-title\">NAYARA J\u00c9SSICA SILVA<\/div><div class=\"content-desc\">Secret\u00e1ria de Comunica\u00e7\u00e3o e Marketing<\/div><\/div>\n<\/div><\/div><\/div><div class=\"kc-elm kc-css-828706 kc_col-sm-4 kc_column kc_col-sm-4\"><div class=\"kc-col-container\">\n<div class=\"kc-elm kc-css-329894 kc-image-hover-effects kc-img-effects-2 slide_top\">\n\n\t<figure><img decoding=\"async\" src=\"https:\/\/sindenfermeiro.com.br\/wp-content\/uploads\/2022\/07\/Ferdinan.jpg\" alt=\"\"\/><\/figure><div class=\"overlay-effects\"><div class=\"content-title\">FERDINAN JOS\u00c9 DO LAGO<\/div><div class=\"content-desc\">Secret\u00e1rio de Comunica\u00e7\u00e3o e Marketing<\/div><\/div>\n<\/div><\/div><\/div><div class=\"kc-elm kc-css-900131 kc_col-sm-4 kc_column kc_col-sm-4\"><div class=\"kc-col-container\"><\/div><\/div><\/div><\/div><\/section><section class=\"kc-elm kc-css-480592 kc_row\"><div class=\"kc-row-container  kc-container\"><div class=\"kc-wrap-columns\"><div class=\"kc-elm kc-css-136035 kc_col-sm-12 kc_column kc_col-sm-12\"><div class=\"kc-col-container\"><div class=\"kc-elm kc-css-386063\" style=\"height: 20px; clear: both; width:100%;\"><\/div><\/div><\/div><\/div><\/div><\/section><section class=\"kc-elm kc-css-313248 kc_row\"><div class=\"kc-row-container  kc-container\"><div class=\"kc-wrap-columns\"><div class=\"kc-elm kc-css-61818 kc_col-sm-12 kc_column kc_col-sm-12\"><div class=\"kc-col-container\"><div class=\"kc-elm kc-css-371801 kc_text_block\"><\/p>\n<h1 style=\"font-size: 17px; color: #43a541; font-weight: 600; text-align: left; padding:10px;background: #f6f9fa; margin-bottom: 30px;border-radius: 8px;\">Assuntos Jur\u00eddicos<\/h1>\n<p>\n<\/div><\/div><\/div><\/div><\/div><\/section><section class=\"kc-elm kc-css-494626 kc_row\"><div class=\"kc-row-container  kc-container\"><div class=\"kc-wrap-columns\"><div class=\"kc-elm kc-css-148864 kc_col-sm-4 kc_column kc_col-sm-4\"><div class=\"kc-col-container\">\n<div class=\"kc-elm kc-css-672736 kc-image-hover-effects kc-img-effects-2 slide_top\">\n\n\t<figure><img decoding=\"async\" src=\"https:\/\/sindenfermeiro.com.br\/wp-content\/uploads\/2022\/07\/Kelly.jpg\" alt=\"\"\/><\/figure><div class=\"overlay-effects\"><div class=\"content-title\">KELLY CRISTINA COELHO COSTA<\/div><div class=\"content-desc\">Secret\u00e1ria de Assuntos Jur\u00eddicos<\/div><\/div>\n<\/div><\/div><\/div><div class=\"kc-elm kc-css-89873 kc_col-sm-4 kc_column kc_col-sm-4\"><div class=\"kc-col-container\">\n<div class=\"kc-elm kc-css-29528 kc-image-hover-effects kc-img-effects-2 slide_top\">\n\n\t<figure><img decoding=\"async\" src=\"https:\/\/sindenfermeiro.com.br\/wp-content\/uploads\/2022\/07\/Jozinelio.jpg\" alt=\"\"\/><\/figure><div class=\"overlay-effects\"><div class=\"content-title\">JOZIN\u00c9LIO SEVERINO TEIXEIRA<\/div><div class=\"content-desc\">Secret\u00e1rio de Assunto Jur\u00eddicos<\/div><\/div>\n<\/div><\/div><\/div><div class=\"kc-elm kc-css-153043 kc_col-sm-4 kc_column kc_col-sm-4\"><div class=\"kc-col-container\"><\/div><\/div><\/div><\/div><\/section><section class=\"kc-elm kc-css-140056 kc_row\"><div class=\"kc-row-container  kc-container\"><div class=\"kc-wrap-columns\"><div class=\"kc-elm kc-css-75881 kc_col-sm-12 kc_column kc_col-sm-12\"><div class=\"kc-col-container\"><div class=\"kc-elm kc-css-730100\" style=\"height: 20px; clear: both; width:100%;\"><\/div><\/div><\/div><\/div><\/div><\/section><section class=\"kc-elm kc-css-953832 kc_row\"><div class=\"kc-row-container  kc-container\"><div class=\"kc-wrap-columns\"><div class=\"kc-elm kc-css-469586 kc_col-sm-12 kc_column kc_col-sm-12\"><div class=\"kc-col-container\"><div class=\"kc-elm kc-css-41218 kc_text_block\"><\/p>\n<h1 style=\"font-size: 17px; color: #43a541; font-weight: 600; text-align: left; padding:10px;background: #f6f9fa; margin-bottom: 30px;border-radius: 8px;\">Rela\u00e7\u00f5es de Trabalho e Apoio \u00e0 Rede Privada<\/h1>\n<p>\n<\/div><\/div><\/div><\/div><\/div><\/section><section class=\"kc-elm kc-css-319606 kc_row\"><div class=\"kc-row-container  kc-container\"><div class=\"kc-wrap-columns\"><div class=\"kc-elm kc-css-380146 kc_col-sm-4 kc_column kc_col-sm-4\"><div class=\"kc-col-container\">\n<div class=\"kc-elm kc-css-69703 kc-image-hover-effects kc-img-effects-2 slide_top\">\n\n\t<figure><img decoding=\"async\" src=\"https:\/\/sindenfermeiro.com.br\/wp-content\/uploads\/2025\/07\/Foto-Rangel-1-scaled.jpeg\" alt=\"\"\/><\/figure><div class=\"overlay-effects\"><div class=\"content-title\">RANGEL FERNANDES DE SOUZA<\/div><div class=\"content-desc\">Secret\u00e1rio de Rela\u00e7\u00f5es de Trabalho e de Apoio \u00e0 Rede Privada<\/div><\/div>\n<\/div><\/div><\/div><div class=\"kc-elm kc-css-944580 kc_col-sm-4 kc_column kc_col-sm-4\"><div class=\"kc-col-container\">\n<div class=\"kc-elm kc-css-155005 kc-image-hover-effects kc-img-effects-2 slide_top\">\n\n\t<figure><img decoding=\"async\" src=\"https:\/\/sindenfermeiro.com.br\/wp-content\/uploads\/2022\/07\/Marcela.jpg\" alt=\"\"\/><\/figure><div class=\"overlay-effects\"><div class=\"content-title\">MARCELA VILARIM MUNIZ<\/div><div class=\"content-desc\">Secret\u00e1ria de Rela\u00e7\u00f5es de Trabalho e de Apoio \u00e0 Rede Privada<\/div><\/div>\n<\/div><\/div><\/div><div class=\"kc-elm kc-css-335867 kc_col-sm-4 kc_column kc_col-sm-4\"><div class=\"kc-col-container\"><\/div><\/div><\/div><\/div><\/section><section class=\"kc-elm kc-css-575990 kc_row\"><div class=\"kc-row-container  kc-container\"><div class=\"kc-wrap-columns\"><div class=\"kc-elm kc-css-822646 kc_col-sm-12 kc_column kc_col-sm-12\"><div class=\"kc-col-container\"><div class=\"kc-elm kc-css-907514\" style=\"height: 20px; clear: both; width:100%;\"><\/div><\/div><\/div><\/div><\/div><\/section><section class=\"kc-elm kc-css-373784 kc_row\"><div class=\"kc-row-container  kc-container\"><div class=\"kc-wrap-columns\"><div class=\"kc-elm kc-css-149420 kc_col-sm-12 kc_column kc_col-sm-12\"><div class=\"kc-col-container\"><div class=\"kc-elm kc-css-395736 kc_text_block\"><\/p>\n<h1 style=\"font-size: 17px; color: #43a541; font-weight: 600; text-align: left; padding:10px;background: #f6f9fa; margin-bottom: 30px;border-radius: 8px;\">Pol\u00edtica e Forma\u00e7\u00e3o Sindical<\/h1>\n<p>\n<\/div><\/div><\/div><\/div><\/div><\/section><section class=\"kc-elm kc-css-479934 kc_row\"><div class=\"kc-row-container  kc-container\"><div class=\"kc-wrap-columns\"><div class=\"kc-elm kc-css-557300 kc_col-sm-4 kc_column kc_col-sm-4\"><div class=\"kc-col-container\">\n<div class=\"kc-elm kc-css-597487 kc-image-hover-effects kc-img-effects-2 slide_top\">\n\n\t<figure><img decoding=\"async\" src=\"https:\/\/sindenfermeiro.com.br\/wp-content\/uploads\/2022\/07\/Marcos-Andre.jpg\" alt=\"\"\/><\/figure><div class=\"overlay-effects\"><div class=\"content-title\">EM MEM\u00d3RIA<\/div><div class=\"content-desc\">MARCOS ANDR\u00c9 CAVALCANTI <br>\r\nSecret\u00e1rio Pol\u00edtico e de Forma\u00e7\u00e3o Sindical<\/div><\/div>\n<\/div><\/div><\/div><div class=\"kc-elm kc-css-671352 kc_col-sm-4 kc_column kc_col-sm-4\"><div class=\"kc-col-container\">\n<div class=\"kc-elm kc-css-633798 kc-image-hover-effects kc-img-effects-2 slide_top\">\n\n\t<figure><img decoding=\"async\" src=\"https:\/\/sindenfermeiro.com.br\/wp-content\/uploads\/2022\/07\/Sergio.jpg\" alt=\"\"\/><\/figure><div class=\"overlay-effects\"><div class=\"content-title\">S\u00c9RGIO LIMA GON\u00c7ALVES<\/div><div class=\"content-desc\">Secret\u00e1rio Pol\u00edtico e de Forma\u00e7\u00e3o Sindical<\/div><\/div>\n<\/div><\/div><\/div><div class=\"kc-elm kc-css-897374 kc_col-sm-4 kc_column kc_col-sm-4\"><div class=\"kc-col-container\"><\/div><\/div><\/div><\/div><\/section><section class=\"kc-elm kc-css-497235 kc_row\"><div class=\"kc-row-container  kc-container\"><div class=\"kc-wrap-columns\"><div class=\"kc-elm kc-css-456118 kc_col-sm-12 kc_column kc_col-sm-12\"><div class=\"kc-col-container\"><div class=\"kc-elm kc-css-76539\" style=\"height: 20px; clear: both; width:100%;\"><\/div><\/div><\/div><\/div><\/div><\/section><section class=\"kc-elm kc-css-567706 kc_row\"><div class=\"kc-row-container  kc-container\"><div class=\"kc-wrap-columns\"><div class=\"kc-elm kc-css-353006 kc_col-sm-12 kc_column kc_col-sm-12\"><div class=\"kc-col-container\"><div class=\"kc-elm kc-css-759343 kc_text_block\"><\/p>\n<h1 style=\"font-size: 17px; color: #43a541; font-weight: 600; text-align: left; padding:10px;background: #f6f9fa; margin-bottom: 30px;border-radius: 8px;\">Assuntos Sociais e Sa\u00fade do Trabalhador<\/h1>\n<p>\n<\/div><\/div><\/div><\/div><\/div><\/section><section class=\"kc-elm kc-css-489937 kc_row\"><div class=\"kc-row-container  kc-container\"><div class=\"kc-wrap-columns\"><div class=\"kc-elm kc-css-752477 kc_col-sm-4 kc_column kc_col-sm-4\"><div class=\"kc-col-container\">\n<div class=\"kc-elm kc-css-408768 kc-image-hover-effects kc-img-effects-2 slide_top rip\">\n\n\t<figure><img decoding=\"async\" src=\"https:\/\/sindenfermeiro.com.br\/wp-content\/uploads\/2022\/07\/Adriano.jpg\" alt=\"\"\/><\/figure><div class=\"overlay-effects\"><div class=\"content-title\">EM MEM\u00d3RIA<\/div><div class=\"content-desc\">ADRIANO LIM\u00cdRIO DA SILVA<br>\r\nSecret\u00e1rio de Assuntos Sociais e Sa\u00fade do Trabalhador<\/div><\/div>\n<\/div><\/div><\/div><div class=\"kc-elm kc-css-911537 kc_col-sm-4 kc_column kc_col-sm-4\"><div class=\"kc-col-container\">\n<div class=\"kc-elm kc-css-286227 kc-image-hover-effects kc-img-effects-2 slide_top\">\n\n\t<figure><img decoding=\"async\" src=\"https:\/\/sindenfermeiro.com.br\/wp-content\/uploads\/2022\/07\/Ana-Catarine.jpg\" alt=\"\"\/><\/figure><div class=\"overlay-effects\"><div class=\"content-title\">ANA CATARINE MELO DE OLIVEIRA CARNEIRO  <\/div><div class=\"content-desc\">Secret\u00e1ria de Assuntos Sociais e Sa\u00fade do Trabalhador<\/div><\/div>\n<\/div><\/div><\/div><div class=\"kc-elm kc-css-380667 kc_col-sm-4 kc_column kc_col-sm-4\"><div class=\"kc-col-container\"><\/div><\/div><\/div><\/div><\/section><section class=\"kc-elm kc-css-35868 kc_row\"><div class=\"kc-row-container  kc-container\"><div class=\"kc-wrap-columns\"><div class=\"kc-elm kc-css-419671 kc_col-sm-12 kc_column kc_col-sm-12\"><div class=\"kc-col-container\"><div class=\"kc-elm kc-css-885218\" style=\"height: 20px; clear: both; width:100%;\"><\/div><\/div><\/div><\/div><\/div><\/section><section class=\"kc-elm kc-css-151911 kc_row\"><div class=\"kc-row-container  kc-container\"><div class=\"kc-wrap-columns\"><div class=\"kc-elm kc-css-882870 kc_col-sm-12 kc_column kc_col-sm-12\"><div class=\"kc-col-container\"><div class=\"kc-elm kc-css-970534 kc_text_block\"><\/p>\n<h1 style=\"font-size: 17px; color: #43a541; font-weight: 600; text-align: left; padding:10px;background: #f6f9fa; margin-bottom: 30px;border-radius: 8px;\">Conselho Fiscal<\/h1>\n<p>\n<\/div><\/div><\/div><\/div><\/div><\/section><section class=\"kc-elm kc-css-269374 kc_row\"><div class=\"kc-row-container  kc-container\"><div class=\"kc-wrap-columns\"><div class=\"kc-elm kc-css-223070 kc_col-sm-4 kc_column kc_col-sm-4\"><div class=\"kc-col-container\">\n<div class=\"kc-elm kc-css-478771 kc-image-hover-effects kc-img-effects-2 slide_top\">\n\n\t<figure><img decoding=\"async\" src=\"https:\/\/sindenfermeiro.com.br\/wp-content\/uploads\/2022\/07\/Fabio.jpg\" alt=\"\"\/><\/figure><div class=\"overlay-effects\"><div class=\"content-title\">F\u00c1BIO ALVES DE AGUIAR<\/div><div class=\"content-desc\">Conselho Fiscal<\/div><\/div>\n<\/div><\/div><\/div><div class=\"kc-elm kc-css-370091 kc_col-sm-4 kc_column kc_col-sm-4\"><div class=\"kc-col-container\">\n<div class=\"kc-elm kc-css-710975 kc-image-hover-effects kc-img-effects-2 slide_top\">\n\n\t<figure><img decoding=\"async\" src=\"https:\/\/sindenfermeiro.com.br\/wp-content\/uploads\/2022\/07\/Cleber.jpg\" alt=\"\"\/><\/figure><div class=\"overlay-effects\"><div class=\"content-title\">CLEBER NEVES CUNHA <\/div><div class=\"content-desc\">Conselho Fiscal<\/div><\/div>\n<\/div><\/div><\/div><div class=\"kc-elm kc-css-8560 kc_col-sm-4 kc_column kc_col-sm-4\"><div class=\"kc-col-container\">\n<div class=\"kc-elm kc-css-693360 kc-image-hover-effects kc-img-effects-2 slide_top\">\n\n\t<figure><img decoding=\"async\" src=\"https:\/\/sindenfermeiro.com.br\/wp-content\/uploads\/2022\/07\/Inaldo.jpg\" alt=\"\"\/><\/figure><div class=\"overlay-effects\"><div class=\"content-title\">INALDO SARMENTO BAS\u00cdLIO <\/div><div class=\"content-desc\">Conselho Fiscal<\/div><\/div>\n<\/div><\/div><\/div><\/div><\/div><\/section><section class=\"kc-elm kc-css-479157 kc_row\"><div class=\"kc-row-container  kc-container\"><div class=\"kc-wrap-columns\"><div class=\"kc-elm kc-css-784925 kc_col-sm-12 kc_column kc_col-sm-12\"><div class=\"kc-col-container\"><div class=\"kc-elm kc-css-640069\" style=\"height: 20px; clear: both; width:100%;\"><\/div><\/div><\/div><\/div><\/div><\/section><section class=\"kc-elm kc-css-455111 kc_row\"><div class=\"kc-row-container  kc-container\"><div class=\"kc-wrap-columns\"><div class=\"kc-elm kc-css-153077 kc_col-sm-4 kc_column kc_col-sm-4\"><div class=\"kc-col-container\">\n<div class=\"kc-elm kc-css-934094 kc-image-hover-effects kc-img-effects-2 slide_top\">\n\n\t<figure><img decoding=\"async\" src=\"https:\/\/sindenfermeiro.com.br\/wp-content\/uploads\/2022\/07\/Suderlan.jpg\" alt=\"\"\/><\/figure><div class=\"overlay-effects\"><div class=\"content-title\">SUDERLAN SABINO LEANDRO<\/div><div class=\"content-desc\">Conselho Fiscal<\/div><\/div>\n<\/div><\/div><\/div><div class=\"kc-elm kc-css-70387 kc_col-sm-4 kc_column kc_col-sm-4\"><div class=\"kc-col-container\">\n<div class=\"kc-elm kc-css-696592 kc-image-hover-effects kc-img-effects-2 slide_top\">\n\n\t<figure><img decoding=\"async\" src=\"https:\/\/sindenfermeiro.com.br\/wp-content\/uploads\/2022\/07\/Elisangela.jpg\" alt=\"\"\/><\/figure><div class=\"overlay-effects\"><div class=\"content-title\">ELISANGELA ANDRADE SILVA MOTTA<\/div><div class=\"content-desc\">Conselho Fiscal<\/div><\/div>\n<\/div><\/div><\/div><div class=\"kc-elm kc-css-64354 kc_col-sm-4 kc_column kc_col-sm-4\"><div class=\"kc-col-container\"><\/div><\/div><\/div><\/div><\/section><section class=\"kc-elm kc-css-33131 kc_row\"><div class=\"kc-row-container  kc-container\"><div class=\"kc-wrap-columns\"><div class=\"kc-elm kc-css-801044 kc_col-sm-12 kc_column kc_col-sm-12\"><div class=\"kc-col-container\"><div class=\"kc-elm kc-css-434172\" style=\"height: 20px; clear: both; width:100%;\"><\/div><\/div><\/div><\/div><\/div><\/section><\/p>\n","protected":false},"excerpt":{"rendered":"","protected":false},"author":6,"featured_media":0,"parent":0,"menu_order":0,"comment_status":"closed","ping_status":"closed","template":"","meta":{"footnotes":""},"class_list":["post-20","page","type-page","status-publish","hentry"],"_links":{"self":[{"href":"https:\/\/sindenfermeiro.com.br\/index.php\/wp-json\/wp\/v2\/pages\/20","targetHints":{"allow":["GET"]}}],"collection":[{"href":"https:\/\/sindenfermeiro.com.br\/index.php\/wp-json\/wp\/v2\/pages"}],"about":[{"href":"https:\/\/sindenfermeiro.com.br\/index.php\/wp-json\/wp\/v2\/types\/page"}],"author":[{"embeddable":true,"href":"https:\/\/sindenfermeiro.com.br\/index.php\/wp-json\/wp\/v2\/users\/6"}],"replies":[{"embeddable":true,"href":"https:\/\/sindenfermeiro.com.br\/index.php\/wp-json\/wp\/v2\/comments?post=20"}],"version-history":[{"count":47,"href":"https:\/\/sindenfermeiro.com.br\/index.php\/wp-json\/wp\/v2\/pages\/20\/revisions"}],"predecessor-version":[{"id":45213,"href":"https:\/\/sindenfermeiro.com.br\/index.php\/wp-json\/wp\/v2\/pages\/20\/revisions\/45213"}],"wp:attachment":[{"href":"https:\/\/sindenfermeiro.com.br\/index.php\/wp-json\/wp\/v2\/media?parent=20"}],"curies":[{"name":"wp","href":"https:\/\/api.w.org\/{rel}","templated":true}]}}